{"id":11,"date":"2017-11-01T14:25:43","date_gmt":"2017-11-01T13:25:43","guid":{"rendered":"https:\/\/esperanto-gironde.fr\/?page_id=11"},"modified":"2026-04-15T13:59:12","modified_gmt":"2026-04-15T11:59:12","slug":"legi","status":"publish","type":"page","link":"https:\/\/esperanto-gironde.fr\/eo\/legi\/","title":{"rendered":"LEGI"},"content":{"rendered":"<figure class=\"wp-block-table is-style-stripes\" style=\"font-size: 15px;\">\n<table class=\"has-background\" style=\"background-color: #81f8703d;\">\n<tbody>\n<tr>\n<td class=\"has-text-align-center\" data-align=\"center\"><strong>Nr<\/strong> \/<strong>Date<\/strong><\/td>\n<td class=\"has-text-align-left\" data-align=\"left\"><strong>Sommaire<\/strong><\/td>\n<\/tr>\n<tr>\n<td class=\"has-text-align-center\" data-align=\"center\"><a title=\"\" href=\"https:\/\/esperanto-gironde.fr\/wp-content\/uploads\/LEGI-183.pdf\"><img loading=\"lazy\" decoding=\"async\" width=\"150\" height=\"199\" class=\"wp-image-4421\" style=\"width: 150px;\" src=\"https:\/\/esperanto-gironde.fr\/wp-content\/uploads\/legi183-cover.jpg\" alt=\"\" srcset=\"https:\/\/esperanto-gironde.fr\/wp-content\/uploads\/legi183-cover.jpg 646w, https:\/\/esperanto-gironde.fr\/wp-content\/uploads\/legi183-cover-226x300.jpg 226w\" sizes=\"auto, (max-width: 150px) 100vw, 150px\" \/><\/a><br \/>\n<a title=\"\" href=\"https:\/\/esperanto-gironde.fr\/wp-content\/uploads\/LEGI-183.pdf\">LEGI-183<\/a><br \/>\n04\/2026<\/td>\n<td class=\"has-text-align-left\" data-align=\"left\">Speciala poezia numero !<br \/>\nLa printempo de l&#8217;poetoj 2026<br \/>\nkunveno en Pessac 29\/03\/2026<\/td>\n<\/tr>\n<tr>\n<td class=\"has-text-align-center\" data-align=\"center\"><img loading=\"lazy\" decoding=\"async\" width=\"150\" height=\"196\" class=\"wp-image-4413\" style=\"width: 150px;\" src=\"https:\/\/esperanto-gironde.fr\/wp-content\/uploads\/LEGI182.jpg\" alt=\"\" srcset=\"https:\/\/esperanto-gironde.fr\/wp-content\/uploads\/LEGI182.jpg 449w, https:\/\/esperanto-gironde.fr\/wp-content\/uploads\/LEGI182-230x300.jpg 230w\" sizes=\"auto, (max-width: 150px) 100vw, 150px\" \/><br \/>\n<a title=\"LEGI-182\" href=\"https:\/\/esperanto-gironde.fr\/wp-content\/uploads\/LEGI182.pdf\" target=\"_blank\" rel=\"noopener\">LEGI-182<\/a><br \/>\n03\/2026<\/td>\n<td class=\"has-text-align-left\" data-align=\"left\">\u2013 Kunveno en Pessac,\u00a0 \u00a014\/12\/2025, 18\/01\/2026, 22\/02\/2026<br \/>\n\u2013 Nekrologo: Rob Moerebeek<br \/>\n\u2013 Kinejo Utopia en Palmer<br \/>\n\u2013 Spektaklo &#8220;Sor\u0109e de verda stelo&#8221;<br \/>\n\u2013 El notlibro de voja\u011danto<br \/>\n&#8211; Granda balo sur kampo<br \/>\n&#8211; Enigmo (plantonomoj)<br \/>\n(<em>korekto: la venonta kunveno okazos en Toctoucau<\/em>)<\/td>\n<\/tr>\n<tr>\n<td class=\"has-text-align-center\" data-align=\"center\"><a title=\"LEGI181\" href=\"https:\/\/esperanto-gironde.fr\/wp-content\/uploads\/LEGI181.pdf\"><img loading=\"lazy\" decoding=\"async\" class=\"wp-image-3897\" src=\"https:\/\/esperanto-gironde.fr\/wp-content\/uploads\/LEGI181.jpg\" alt=\"LEGI 181\" width=\"150\" height=\"212\" \/><\/a><a title=\"LEGI181\" href=\"https:\/\/esperanto-gironde.fr\/wp-content\/uploads\/LEGI181.pdf\"><br \/>\nLEGI-181<\/a><br \/>\n12\/2025<\/td>\n<td class=\"has-text-align-left\" data-align=\"left\">\u2013 Kunveno en Pessac,\u00a0 \u00a028\/09\/2025, 26\/10\/2025<br \/>\n\u2013 UEA demandoj al estraranoj : Sean, VP de UEA<br \/>\n\u2013 Kunveno en Pessac,\u00a0 \u00a023\/11\/2025<br \/>\n\u2013 Cu E\u016dropa Unio veki\u011das<br \/>\n\u2013 Euronat<br \/>\n\u2013 Anonco : Mia plej bela esperanto-rememoro<br \/>\n\u2013 E\u016dska A\u016dtuna renkonti\u011do en Arbizu<br \/>\n\u2013 Nia Brasenso en lia muzeo en Seto<br \/>\n\u2013 Amuza ske\u0109o<br \/>\n\u2013 Memorinda teksto okaze de la 1a de majo<br \/>\n\u2013 Drozero, karnovora planto en \u011cirondio!<br \/>\n\u2013 Noveleto : La malnova partituro<\/td>\n<\/tr>\n<tr>\n<td class=\"has-text-align-center\" data-align=\"center\"><a title=\"LEGI180\" href=\"https:\/\/esperanto-gironde.fr\/wp-content\/uploads\/LEGI180.pdf\"><img loading=\"lazy\" decoding=\"async\" class=\"wp-image-3897\" src=\"https:\/\/esperanto-gironde.fr\/wp-content\/uploads\/LEGI180.jpg\" alt=\"LEGI 180\" width=\"150\" height=\"212\" \/><br \/>\nLEGI-180<\/a><br \/>\n09\/2025<\/td>\n<td class=\"has-text-align-left\" data-align=\"left\">\u2013 Kunveno en Pessac, \u00a0 11\/05\/2025, 15\/06\/2025<br \/>\n\u2013 Raporto pri la Printempa E\u016dska renkonti\u011do en Saint-Palais<br \/>\n\u2013 (Arda) anekdoto<br \/>\n\u2013 Ni Timigas nin ruinoj<br \/>\n\u2013 Printempo \u0109e ni &#8211; Parua nesto en la saliko<br \/>\n\u2013 Christian Leduc : Kia estos morga\u016d<br \/>\n\u2013 Jarfina koncerto en Pesako<br \/>\n\u2013 La poezio de la lingvoj<br \/>\n\u2013 Raporteto pri HEK 2025<br \/>\n\u2013 Honore al Sean !<br \/>\n\u2013 Agadi por la internacia tago de paco kaj la E\u016dropa tago de lingvoj<br \/>\n\u2013 Kneecap, la grupo kiu kantas en irlanda lingvo<\/td>\n<\/tr>\n<tr>\n<td class=\"has-text-align-center\" data-align=\"center\"><a title=\"LEGI179\" href=\"https:\/\/esperanto-gironde.fr\/wp-content\/uploads\/LEGI179.pdf\"><img loading=\"lazy\" decoding=\"async\" class=\"wp-image-3897\" src=\"https:\/\/esperanto-gironde.fr\/wp-content\/uploads\/LEGI179.jpg\" alt=\"LEGI 179\" width=\"150\" height=\"212\" \/><br \/>\nLEGI-179<\/a><br \/>\n04\/2025<\/td>\n<td class=\"has-text-align-left\" data-align=\"left\">\u2013 Kunveno en Pessac, la 11an de januaro 2025<br \/>\n\u2013 Kunveno en Pessac, la 16an de februaro 2025<br \/>\n\u2013 AG \u00e0 Pessac le 23 mars 2025 \u00e0 10h30<br \/>\n\u2013 Kunveno en Pessac, Printempo de l\u2019 Poetoj la 23an de marto 2025<br \/>\n\u2013 Kunveno la 13an de aprilo 2025<br \/>\n\u2013 Scienca raporto de la societo de froma\u011d-amatoj<br \/>\n\u2013 La baletitino de Kijivo<br \/>\n\u2013 Oma\u011do al nia amiko Fernando<br \/>\n\u2013 Honore al karmemora Isabelle Jacob<br \/>\n\u2013 Lidja voja\u011dis de Bordozo al Seulo<\/td>\n<\/tr>\n<tr>\n<td class=\"has-text-align-center\" data-align=\"center\"><a title=\"LEGI178\" href=\"https:\/\/esperanto-gironde.fr\/wp-content\/uploads\/LEGI178.pdf\"><img loading=\"lazy\" decoding=\"async\" class=\"wp-image-3897\" src=\"https:\/\/esperanto-gironde.fr\/wp-content\/uploads\/LEGI178.jpg\" alt=\"LEGI 178\" width=\"150\" height=\"212\" \/><br \/>\nLEGI-178<\/a><br \/>\n04\/2025<\/td>\n<td class=\"has-text-align-left\" data-align=\"left\">&#8211; La Printempo de l&#8217; Poetoj 2025<\/td>\n<\/tr>\n<tr>\n<td class=\"has-text-align-center\" data-align=\"center\"><a title=\"LEGI177\" href=\"https:\/\/esperanto-gironde.fr\/wp-content\/uploads\/LEGI177.pdf\"><img loading=\"lazy\" decoding=\"async\" class=\"wp-image-3897\" src=\"https:\/\/esperanto-gironde.fr\/wp-content\/uploads\/LEGI177.jpg\" alt=\"LEGI 177\" width=\"150\" height=\"212\" srcset=\"https:\/\/esperanto-gironde.fr\/wp-content\/uploads\/LEGI177.jpg 1754w, https:\/\/esperanto-gironde.fr\/wp-content\/uploads\/LEGI177-212x300.jpg 212w, https:\/\/esperanto-gironde.fr\/wp-content\/uploads\/LEGI177-724x1024.jpg 724w, https:\/\/esperanto-gironde.fr\/wp-content\/uploads\/LEGI177-768x1086.jpg 768w, https:\/\/esperanto-gironde.fr\/wp-content\/uploads\/LEGI177-1086x1536.jpg 1086w, https:\/\/esperanto-gironde.fr\/wp-content\/uploads\/LEGI177-1448x2048.jpg 1448w, https:\/\/esperanto-gironde.fr\/wp-content\/uploads\/LEGI177-1320x1866.jpg 1320w\" sizes=\"auto, (max-width: 150px) 100vw, 150px\" \/><br \/>\nLEGI-177<\/a><br \/>\n01\/2025<\/td>\n<td class=\"has-text-align-left\" data-align=\"left\">&#8211; Kunveno en Pessac la 15an de septembro 2024<br \/>\n&#8211; 97a kongreso de SAT en Oporto<br \/>\n&#8211; Esperanto Gironde en la forumo de la asocioj en Pessac<br \/>\n&#8211; Kunveno de en Pessac, la 13an de oktobro 2024<br \/>\n&#8211; Kunveno en Pessac la 10an de novembro 2024<br \/>\n&#8211; E\u016dska montaro a\u016dtune 2024<br \/>\n&#8211; GEME en VK 2024<br \/>\n&#8211; Kunveno en Pessac, z-tago la 8an de decembro 2024<br \/>\n&#8211; Memore al Charlie<br \/>\n&#8211; Adia\u016d Fernando<br \/>\n&#8211; Feli\u0109aj gelernantoj<\/td>\n<\/tr>\n<tr>\n<td class=\"has-text-align-center\" data-align=\"center\" data-wp-editing=\"1\"><a href=\"https:\/\/esperanto-gironde.fr\/2024\/09\/legi-176-septembre-2024\/\"><img loading=\"lazy\" decoding=\"async\" class=\"alignnone wp-image-3671 \" src=\"https:\/\/esperanto-gironde.fr\/wp-content\/uploads\/LEGI176-212x300.jpg\" alt=\"\" width=\"150\" height=\"212\" srcset=\"https:\/\/esperanto-gironde.fr\/wp-content\/uploads\/LEGI176-212x300.jpg 212w, https:\/\/esperanto-gironde.fr\/wp-content\/uploads\/LEGI176-724x1024.jpg 724w, https:\/\/esperanto-gironde.fr\/wp-content\/uploads\/LEGI176-768x1086.jpg 768w, https:\/\/esperanto-gironde.fr\/wp-content\/uploads\/LEGI176-1086x1536.jpg 1086w, https:\/\/esperanto-gironde.fr\/wp-content\/uploads\/LEGI176-1448x2048.jpg 1448w, https:\/\/esperanto-gironde.fr\/wp-content\/uploads\/LEGI176-1320x1866.jpg 1320w, https:\/\/esperanto-gironde.fr\/wp-content\/uploads\/LEGI176.jpg 1754w\" sizes=\"auto, (max-width: 150px) 100vw, 150px\" \/><\/a><br \/>\n<a href=\"https:\/\/esperanto-gironde.fr\/wp-content\/uploads\/LEGI176.pdf\">LEGI-176<\/a><br \/>\n09\/2024<\/td>\n<td class=\"has-text-align-left\" data-align=\"left\">&#8211; ASSEMBLEE GENERALE<br \/>\n&#8211; Printempaj festoj en Ukrainio<br \/>\n&#8211; KUNVENO en Maison de quartier Pessac de junio 2024<br \/>\n&#8211; Bicikle tra la mondo<br \/>\n&#8211; EEK 2024<br \/>\n&#8211; A\u016dstralia Esperanto-Asocio<br \/>\n&#8211; E\u016dropa Esperanto Kongreso en Strasburgo<br \/>\n&#8211; SOLVOJ DE LA LUDOJ DE LA NUMERO 174<br \/>\n&#8211; Kroniko de Volito \u0109e Radio Libertaire<\/td>\n<\/tr>\n<tr>\n<td class=\"has-text-align-center\" data-align=\"center\" data-wp-editing=\"1\"><a href=\"https:\/\/esperanto-gironde.fr\/wp-content\/uploads\/LEGI175.pdf\"><img loading=\"lazy\" decoding=\"async\" class=\"aligncenter wp-image-3317\" src=\"https:\/\/esperanto-gironde.fr\/wp-content\/uploads\/LEGI175.jpg\" alt=\"\" width=\"150\" height=\"212\" \/><\/a><a href=\"https:\/\/esperanto-gironde.fr\/wp-content\/uploads\/LEGI175.pdf\">LEGI-175<\/a><br \/>\n04\/2024<\/td>\n<td class=\"has-text-align-left\" data-align=\"left\">Speciala numero : Printempo de l&#8217; Poetoj<\/td>\n<\/tr>\n<tr>\n<td class=\"has-text-align-center\" data-align=\"center\" data-wp-editing=\"1\"><a href=\"https:\/\/esperanto-gironde.fr\/wp-content\/uploads\/LEGI174.pdf\"><img loading=\"lazy\" decoding=\"async\" class=\"aligncenter wp-image-3317\" src=\"https:\/\/esperanto-gironde.fr\/wp-content\/uploads\/LEGI174-212x300.png\" alt=\"\" width=\"150\" height=\"212\" srcset=\"https:\/\/esperanto-gironde.fr\/wp-content\/uploads\/LEGI174-212x300.png 212w, https:\/\/esperanto-gironde.fr\/wp-content\/uploads\/LEGI174.png 584w\" sizes=\"auto, (max-width: 150px) 100vw, 150px\" \/><\/a><a href=\"https:\/\/esperanto-gironde.fr\/wp-content\/uploads\/LEGI174.pdf\">LEGI-174<\/a><br \/>\n03\/2024<\/td>\n<td class=\"has-text-align-left\" data-align=\"left\">\u2013 ZAZA-tago 2023 en St-Gen\u00e8s-de-Lombaud<br \/>\n\u2013 KUNVENO la 21an de januaro 2024<br \/>\n\u2013 LA ESPERANTO MUZEO EN VIENO<br \/>\n\u2013 DU SIONISME \u00c0 L\u2019UNIVERSALISME : L.-L. ZAMENHOF<br \/>\n\u2013 PACO\u2013OAZO en ISRAELO<br \/>\n\u2013 Loka kurso por GEME en St-Gen\u00e8s-de-Lombaud<br \/>\n\u2013 KUNVENO la 10an de marto 2024<br \/>\n\u2013 Ludo<\/td>\n<\/tr>\n<tr>\n<td class=\"has-text-align-center\" data-align=\"center\"><a href=\"https:\/\/esperanto-gironde.fr\/wp-content\/uploads\/LEGI173.pdf\"><img decoding=\"async\" class=\"alignnone wp-image-2883\" src=\"https:\/\/esperanto-gironde.fr\/wp-content\/uploads\/LEGI173-212x300.jpg\" alt=\"\" width=\"150\" srcset=\"https:\/\/esperanto-gironde.fr\/wp-content\/uploads\/LEGI173-212x300.jpg 212w, https:\/\/esperanto-gironde.fr\/wp-content\/uploads\/LEGI173.jpg 584w\" sizes=\"(max-width: 212px) 100vw, 212px\" \/><\/a><br \/>\n<a href=\"https:\/\/esperanto-gironde.fr\/wp-content\/uploads\/LEGI173.pdf\">LEGI-173<\/a><br \/>\n12\/2023<\/td>\n<td class=\"has-text-align-left\" data-align=\"left\">&#8211; Kunveno la 23an de aprilo 2023<br \/>\n&#8211; Kunveno la 24an de septembro 2023<br \/>\n&#8211; Ekstra-ordinara asembleo la 25an de novembro 2023<br \/>\n&#8211; \u011cenerala ordinara asembleo la 25an de novembro 2023<br \/>\n&#8211; Kunsido de la asocia estraro la 25an de novembro 2023<br \/>\n&#8211; TORINO 2023: 108-a UK<br \/>\n&#8211; Vizito de la museo Reina Sofia en Madrido<br \/>\n&#8211; NI FUNEBRAS Mikaelo Lavergne<br \/>\n&#8211; La Nigra insulo<br \/>\n&#8211; SULO, la plej granda marbirdo en E\u016dropo<br \/>\n&#8211; Oni neniam banas sin dufoje en la sama fluo!<\/td>\n<\/tr>\n<tr>\n<td class=\"has-text-align-center\" data-align=\"center\"><a href=\"https:\/\/esperanto-gironde.fr\/wp-content\/uploads\/LEGI172.pdf\"><img loading=\"lazy\" decoding=\"async\" class=\"alignnone wp-image-2795\" style=\"width: 150px;\" src=\"https:\/\/esperanto-gironde.fr\/wp-content\/uploads\/LEGI172.png\" alt=\"LEGI 172\" width=\"150\" height=\"212\" srcset=\"https:\/\/esperanto-gironde.fr\/wp-content\/uploads\/LEGI172.png 584w, https:\/\/esperanto-gironde.fr\/wp-content\/uploads\/LEGI172-212x300.png 212w\" sizes=\"auto, (max-width: 150px) 100vw, 150px\" \/><\/a><br \/>\n<a title=\"\" href=\"https:\/\/esperanto-gironde.fr\/wp-content\/uploads\/LEGI172.pdf#page=21\" target=\"_blank\" rel=\"noopener\">LEGI-172<\/a><br \/>\n09\/2023<\/td>\n<td class=\"has-text-align-left\" data-align=\"left\">&#8211; <a title=\"\" href=\"https:\/\/esperanto-gironde.fr\/wp-content\/uploads\/LEGI172.pdf#page=2\" target=\"_blank\" rel=\"noopener\">Kunveno 11\/06\/2023<\/a><br \/>\n&#8211; <a title=\"\" href=\"https:\/\/esperanto-gironde.fr\/wp-content\/uploads\/LEGI172.pdf#page=4\" target=\"_blank\" rel=\"noopener\">Forpasis Monique ASSAILLY<\/a><br \/>\n&#8211; <a title=\"\" href=\"https:\/\/esperanto-gironde.fr\/wp-content\/uploads\/LEGI172.pdf#page=6\" target=\"_blank\" rel=\"noopener\">96A SAT-Kongreso 2023 en Greziljono<\/a><br \/>\n&#8211; <a title=\"\" href=\"https:\/\/esperanto-gironde.fr\/wp-content\/uploads\/LEGI172.pdf#page=6\" target=\"_blank\" rel=\"noopener\">Apoteko en la malsanulejo H\u00f4tel-Dieu de Baug\u00e9 (49)<\/a><br \/>\n&#8211; <a title=\"\" href=\"https:\/\/esperanto-gironde.fr\/wp-content\/uploads\/LEGI172.pdf#page=18\" target=\"_blank\" rel=\"noopener\">\u0108u vi konas \u00abBLOBON\u00bb ?<\/a><br \/>\n&#8211; <a title=\"\" href=\"https:\/\/esperanto-gironde.fr\/wp-content\/uploads\/LEGI172.pdf#page=21\" target=\"_blank\" rel=\"noopener\">\u011cardenado<\/a><br \/>\n&#8211; <a title=\"\" href=\"https:\/\/esperanto-gironde.fr\/wp-content\/uploads\/LEGI172.pdf#page=22\" target=\"_blank\" rel=\"noopener\">Fascinaj lupoj 3\/3<\/a>.<\/td>\n<\/tr>\n<tr>\n<td class=\"has-text-align-center\" data-align=\"center\"><a href=\"https:\/\/esperanto-gironde.fr\/wp-content\/uploads\/LEGI171.pdf\"><img loading=\"lazy\" decoding=\"async\" class=\"alignnone wp-image-2789\" style=\"width: 150px;\" src=\"https:\/\/esperanto-gironde.fr\/wp-content\/uploads\/legi171.png\" alt=\"LEGI171\" width=\"497\" height=\"645\" \/><\/a><br \/>\n<a href=\"https:\/\/esperanto-gironde.fr\/wp-content\/uploads\/LEGI171.pdf\" target=\"_blank\" rel=\"noreferrer noopener\" data-type=\"URL\" data-id=\"https:\/\/esperanto-gironde.fr\/wp-content\/uploads\/LEGI171.pdf\">LEGI-171<\/a><br \/>\n05\/2023<\/td>\n<td class=\"has-text-align-left\" data-align=\"left\">&#8211; Kunveno 19\/02\/2023,<br \/>\n&#8211; Malpermesate al hundoj kaj italoj,<br \/>\n&#8211; Kroniko de ordinara rasismo en Svislando,<br \/>\n&#8211; La lupoj\u00a0\u015dan\u011das la riverojn,<br \/>\n<a href=\"https:\/\/esperanto-gironde.fr\/wp-content\/uploads\/LEGI171.pdf#page=18\" target=\"_blank\" rel=\"noreferrer noopener\">&#8211; Fascinaj lupoj 2\/3<\/a>.<\/td>\n<\/tr>\n<tr>\n<td class=\"has-text-align-center\" data-align=\"center\"><a href=\"https:\/\/esperanto-gironde.fr\/wp-content\/uploads\/LEGI170.pdf\"><img loading=\"lazy\" decoding=\"async\" class=\"alignnone wp-image-2789\" style=\"width: 150px;\" src=\"https:\/\/esperanto-gironde.fr\/wp-content\/uploads\/legi170.png\" alt=\"LEGI170\" width=\"370\" height=\"530\" \/><\/a><br \/>\n<a href=\"https:\/\/esperanto-gironde.fr\/wp-content\/uploads\/LEGI170.pdf\" target=\"_blank\" rel=\"noreferrer noopener\" data-type=\"URL\" data-id=\"https:\/\/esperanto-gironde.fr\/wp-content\/uploads\/LEGI170.pdf\">LEGI-170<\/a><br \/>\n02\/2023<\/td>\n<td class=\"has-text-align-left\" data-align=\"left\">&#8211; Kunveno 11\/12\/2022,<br \/>\n&#8211; Birdoj en mia \u011dardeno,<br \/>\n&#8211; \u0109u vi konas CHATGPT,<br \/>\n&#8211; Ukrainaj studentoj strikas,<br \/>\n&#8211; Kunveno 22\/01\/2023,<br \/>\n&#8211; <a href=\"https:\/\/esperanto-gironde.fr\/wp-content\/uploads\/LEGI170.pdf#page=18\" target=\"_blank\" rel=\"noreferrer noopener\">Fascinaj lupoj 1\/3<\/a><br \/>\n&#8211; Birdoj en mia \u011dardeno,<\/td>\n<\/tr>\n<tr>\n<td class=\"has-text-align-center\" data-align=\"center\"><a href=\"https:\/\/esperanto-gironde.fr\/wp-content\/uploads\/LEGI169.pdf\"><img loading=\"lazy\" decoding=\"async\" class=\"alignnone wp-image-2790\" style=\"width: 150px;\" src=\"https:\/\/esperanto-gironde.fr\/wp-content\/uploads\/legi169.png\" alt=\"\" width=\"417\" height=\"593\" \/><\/a><br \/>\n<a href=\"https:\/\/esperanto-gironde.fr\/wp-content\/uploads\/LEGI169.pdf\" target=\"_blank\" rel=\"noreferrer noopener\" data-type=\"URL\" data-id=\"https:\/\/esperanto-gironde.fr\/wp-content\/uploads\/LEGI169.pdf\">LEGI-169<\/a><br \/>\n11\/2022<\/td>\n<td class=\"has-text-align-left\" data-align=\"left\">&#8211; Kunveno 18\/09\/2022,<br \/>\n&#8211; <a href=\"https:\/\/esperanto-gironde.fr\/wp-content\/uploads\/LEGI169.pdf#page=5\" target=\"_blank\" rel=\"noreferrer noopener\">\u011c.A. oct 2022<\/a>,<br \/>\n&#8211; Festo de Ukraina sendependeco en Bordozo,<br \/>\n&#8211; La\u016dgarona kanalo (1839-1856).<\/td>\n<\/tr>\n<tr>\n<td class=\"has-text-align-center\" data-align=\"center\"><a href=\"https:\/\/esperanto-gironde.fr\/wp-content\/uploads\/LEGI168.pdf\"><img loading=\"lazy\" decoding=\"async\" class=\"alignnone wp-image-2791\" style=\"width: 150px;\" src=\"https:\/\/esperanto-gironde.fr\/wp-content\/uploads\/legi168.png\" alt=\"\" width=\"412\" height=\"564\" \/><\/a><br \/>\n<a href=\"https:\/\/esperanto-gironde.fr\/wp-content\/uploads\/LEGI168.pdf\" target=\"_blank\" rel=\"noreferrer noopener\" data-type=\"URL\" data-id=\"https:\/\/esperanto-gironde.fr\/wp-content\/uploads\/LEGI168.pdf\">LEGI-168<\/a><br \/>\n06\/2022<\/td>\n<td class=\"has-text-align-left\" data-align=\"left\">&#8211; Kunveno 23\/04\/2022,<br \/>\n&#8211; Prelegoj pri paco en Ukraino,<br \/>\n&#8211; Arkiveca aktiveco en Palmer,<br \/>\n&#8211; Brasenso en Trelissac la 24an de majo 2022,<br \/>\n&#8211; <a href=\"https:\/\/esperanto-gironde.fr\/wp-content\/uploads\/LEGI168.pdf#page=13\" target=\"_blank\" rel=\"noreferrer noopener\">La interasocia kongreso de Trelissac<\/a>,<br \/>\n&#8211; \u0109u la pireneajn gla\u0109erojn malaperos anta\u016d la jaro 2050?,<br \/>\n&#8211; La arbara strigo,<br \/>\n&#8211; Irvojo al apetita libereco.co.<\/td>\n<\/tr>\n<tr>\n<td class=\"has-text-align-center\" data-align=\"center\"><a href=\"https:\/\/esperanto-gironde.fr\/wp-content\/uploads\/LEGI167.pdf\"><img loading=\"lazy\" decoding=\"async\" class=\"alignnone wp-image-2792\" style=\"width: 150px;\" src=\"https:\/\/esperanto-gironde.fr\/wp-content\/uploads\/legi167.png\" alt=\"LEGI167\" width=\"414\" height=\"585\" \/><\/a><br \/>\n<a href=\"https:\/\/esperanto-gironde.fr\/wp-content\/uploads\/LEGI167.pdf\" target=\"_blank\" rel=\"noreferrer noopener\">LEGI-167<\/a><br \/>\n04\/2022<\/td>\n<td class=\"has-text-align-left\" data-align=\"left\">&#8211; Kunveno 30\/01\/2022,<br \/>\n&#8211; Kunveno 6\/03\/2022, 23\/04\/2022,<br \/>\n&#8211; Milito en Ukraino,<br \/>\n&#8211; <a href=\"https:\/\/esperanto-gironde.fr\/wp-content\/uploads\/LEGI167.pdf#page=18\" target=\"_blank\" rel=\"noreferrer noopener\">Eposa rakonto pri la brasensa projekto<\/a>,<br \/>\n&#8211; fascinado sur karpata monto,<br \/>\n&#8211; <a href=\"https:\/\/esperanto-gironde.fr\/wp-content\/uploads\/LEGI167.pdf#page=22\" target=\"_blank\" rel=\"noreferrer noopener\">voja\u011do al pireneoj (V Hugo)\u00a0<\/a><\/td>\n<\/tr>\n<tr>\n<td class=\"has-text-align-center\" data-align=\"center\"><a href=\"https:\/\/esperanto-gironde.fr\/wp-content\/uploads\/LEGI166.pdf\"><img loading=\"lazy\" decoding=\"async\" class=\"alignnone wp-image-2793\" style=\"width: 150px;\" src=\"https:\/\/esperanto-gironde.fr\/wp-content\/uploads\/legi166.png\" alt=\"\" width=\"415\" height=\"569\" \/><\/a><br \/>\n<a href=\"https:\/\/esperanto-gironde.fr\/wp-content\/uploads\/LEGI166.pdf\" target=\"_blank\" rel=\"noreferrer noopener\">LEGI-166<\/a><br \/>\n01\/2022<\/td>\n<td class=\"has-text-align-left\" data-align=\"left\">&#8211; <a href=\"https:\/\/esperanto-gironde.fr\/wp-content\/uploads\/LEGI166.pdf#page=2\" target=\"_blank\" rel=\"noreferrer noopener\">\u011c.A. nov 2021<\/a>,<br \/>\n&#8211; Sukcesa Brasensa turneo,<br \/>\n&#8211; <a href=\"https:\/\/esperanto-gironde.fr\/wp-content\/uploads\/LEGI166.pdf#page=10\" target=\"_blank\" rel=\"noreferrer noopener\">Eposa rakonto pri la brasensa projekto<\/a>,<br \/>\n&#8211; Sacco kay Vanzetti,<br \/>\n&#8211; Alna re\u011do (Goethe),<br \/>\n&#8211; <a href=\"https:\/\/esperanto-gironde.fr\/wp-content\/uploads\/LEGI166.pdf#page=20\" target=\"_blank\" rel=\"noreferrer noopener\">Voja\u011do al pireneoj (V Hugo)<\/a>,<br \/>\n&#8211; <a href=\"https:\/\/esperanto-gironde.fr\/wp-content\/uploads\/LEGI166.pdf#page=22\" target=\"_blank\" rel=\"noreferrer noopener\">Bordoza mumioj<\/a>.<\/td>\n<\/tr>\n<tr>\n<td class=\"has-text-align-center\" data-align=\"center\"><a href=\"https:\/\/esperanto-gironde.fr\/wp-content\/uploads\/LEGI165.pdf\"><img loading=\"lazy\" decoding=\"async\" class=\"alignnone wp-image-2794\" style=\"width: 150px;\" src=\"https:\/\/esperanto-gironde.fr\/wp-content\/uploads\/legi165.png\" alt=\"\" width=\"416\" height=\"586\" \/><\/a><br \/>\n<a href=\"https:\/\/esperanto-gironde.fr\/wp-content\/uploads\/LEGI165.pdf\" target=\"_blank\" rel=\"noreferrer noopener\">LEGI-165<\/a><br \/>\n10\/2021<\/td>\n<td class=\"has-text-align-left\" data-align=\"left\">&#8211; La damnitoj de la Pariza komuno,<br \/>\n&#8211; Raporto pri trijara Brasensa projekto,<br \/>\n&#8211; Libro: Hector Hodler Une posture pacifiste,<br \/>\n&#8211; Mirinda 150-jara visterio,<br \/>\n&#8211; Legendo pri kol\u0109iko,<br \/>\n&#8211; <a href=\"https:\/\/esperanto-gironde.fr\/wp-content\/uploads\/LEGI165.pdf#page=20\" target=\"_blank\" rel=\"noreferrer noopener\">Voja\u011do al pireneoj (V Hugo)<\/a>,<br \/>\n&#8211; <a href=\"https:\/\/esperanto-gironde.fr\/wp-content\/uploads\/LEGI165.pdf#page=22\" target=\"_blank\" rel=\"noreferrer noopener\">Bordoza mumioj<\/a><\/td>\n<\/tr>\n<tr>\n<td class=\"has-text-align-center\" data-align=\"center\"><img decoding=\"async\" class=\"wp-image-2795\" style=\"width: 150px;\" src=\"https:\/\/esperanto-gironde.fr\/wp-content\/uploads\/legi164.png\" alt=\"\" \/><br \/>\n<a href=\"https:\/\/esperanto-gironde.fr\/wp-content\/uploads\/LEGI164.pdf\" target=\"_blank\" rel=\"noreferrer noopener\">LEGI-164<\/a><br \/>\n04\/2021<\/td>\n<td class=\"has-text-align-left\" data-align=\"left\">&#8211; Kunveno 24\/01\/2021,<br \/>\n&#8211; Kunveno 28\/02\/2021,<br \/>\n&#8211; Pri Charles Brunet, Letero al Ch Brunet,<br \/>\n&#8211; Novjara koncerto en Venecio,<br \/>\n&#8211; Verdi la horo de la ambosoj,<br \/>\n&#8211; Villages d\u2019enfance de SOS France,<br \/>\n&#8211; La 25a horo de C Virgil Gheorghiu,<br \/>\n&#8211; <a href=\"https:\/\/esperanto-gironde.fr\/wp-content\/uploads\/LEGI164.pdf#page=26\" target=\"_blank\" rel=\"noreferrer noopener\">Bordoza mumioj<\/a>\u00a0.<\/td>\n<\/tr>\n<tr>\n<td class=\"has-text-align-center\" data-align=\"center\"><img decoding=\"async\" class=\"wp-image-2796\" style=\"width: 150px;\" src=\"https:\/\/esperanto-gironde.fr\/wp-content\/uploads\/legi163.png\" alt=\"\" \/><br \/>\n<a href=\"https:\/\/esperanto-gironde.fr\/wp-content\/uploads\/LEGI163.pdf\" target=\"_blank\" rel=\"noreferrer noopener\">LEGI-163<\/a><br \/>\n12\/2020<\/td>\n<td class=\"has-text-align-left\" data-align=\"left\">&#8211; \u0109u esperanto por \u0109ina filmo?,<br \/>\n&#8211; La inventinto de la vinetikedoj,<br \/>\n&#8211; La muelejoj de Col-des-Roches (\u0135uraso),<br \/>\n&#8211; Totalismoj: rido la unua malamiko,<br \/>\n&#8211; La afero de la karikaturoj,<br \/>\n&#8211; Prezento de la projekto Brassens,<br \/>\n&#8211; Esperanto en Bordozo: Charles Brunet,<br \/>\n&#8211; El la floraro de Marcello: Cejano.<\/td>\n<\/tr>\n<tr>\n<td class=\"has-text-align-center\" data-align=\"center\"><img decoding=\"async\" class=\"wp-image-2797\" style=\"width: 150px;\" src=\"https:\/\/esperanto-gironde.fr\/wp-content\/uploads\/legi162.png\" alt=\"\" \/><br \/>\n<a href=\"https:\/\/esperanto-gironde.fr\/wp-content\/uploads\/LEGI162.pdf\" target=\"_blank\" rel=\"noreferrer noopener\">LEGI-162<\/a><br \/>\n09\/2020<\/td>\n<td class=\"has-text-align-left\" data-align=\"left\">&#8211; Memoroj pri la deviga hejmrestado,<br \/>\n&#8211; Atakoj kontra\u016d artistoj en Turkio,<br \/>\n&#8211; Komuniko de la sindikato solidaraj,<br \/>\n&#8211; Rilate ribelajn kontra\u016dagojn,<br \/>\n&#8211; sat-hereda\u0135o biblioteko de la muelejo,<br \/>\n&#8211; La rozo de Chenini,<br \/>\n&#8211; Kukurba flano,<br \/>\n&#8211; La eskapema kukumo<\/td>\n<\/tr>\n<tr>\n<td class=\"has-text-align-center\" data-align=\"center\"><img decoding=\"async\" class=\"wp-image-2798\" style=\"width: 150px;\" src=\"https:\/\/esperanto-gironde.fr\/wp-content\/uploads\/legi161.png\" alt=\"\" \/><br \/>\n<a href=\"https:\/\/esperanto-gironde.fr\/wp-content\/uploads\/LEGI161.pdf\" target=\"_blank\" rel=\"noreferrer noopener\">LEGI-161<\/a><br \/>\n04\/2020<\/td>\n<td class=\"has-text-align-left\" data-align=\"left\">&#8211; Kunveno 9\/02\/2020,<br \/>\n&#8211; Centjari\u011do de Germaine Gatard,<br \/>\n&#8211; Hazardo trafe agas,<br \/>\n&#8211; Deviga hejmrestado,<br \/>\n&#8211; <a href=\"https:\/\/esperanto-gironde.fr\/wp-content\/uploads\/LEGI161.pdf#page=17\" target=\"_blank\" rel=\"noreferrer noopener\" data-type=\"URL\" data-id=\"https:\/\/esperanto-gironde.fr\/wp-content\/uploads\/LEGI161.pdf#page=17\">La printempo de l&#8217;poetoj<\/a>,<br \/>\n&#8211; Kunveno 8\/03\/2020,<br \/>\n&#8211; Mesa\u011do de trigo el Wuhan,<br \/>\n&#8211; La homaro \u015dancelita kaj la socio kolapsigita far malgranda eta\u0135o<br \/>\n&#8211; Oma\u011do al elstara artisto (Brel),<br \/>\n&#8211; La eskapema kukumo.<\/td>\n<\/tr>\n<tr>\n<td class=\"has-text-align-center\" data-align=\"center\"><img decoding=\"async\" class=\"wp-image-2799\" style=\"width: 150px;\" src=\"https:\/\/esperanto-gironde.fr\/wp-content\/uploads\/legi160.png\" alt=\"\" \/><br \/>\n<a href=\"https:\/\/esperanto-gironde.fr\/wp-content\/uploads\/LEGI160.pdf\" target=\"_blank\" rel=\"noreferrer noopener\">LEGI-160<\/a><br \/>\n01\/2020<\/td>\n<td class=\"has-text-align-left\" data-align=\"left\">&#8211; <a href=\"https:\/\/esperanto-gironde.fr\/wp-content\/uploads\/LEGI160.pdf#page=2\" target=\"_blank\" rel=\"noreferrer noopener\" data-type=\"URL\" data-id=\"https:\/\/esperanto-gironde.fr\/wp-content\/uploads\/LEGI160.pdf#page=2\">\u011c.A. oct 2019<\/a>,<br \/>\n&#8211; Kunveno 1\/12\/2019 (pri Norvegio),<br \/>\n&#8211; Zamenhof-tago,<br \/>\n&#8211; Prelego pri fundamentaj elementoj de Esperanto, Esperanto-Cr\u00e9on,<br \/>\n&#8211; Brassens en Esperanto,<br \/>\n&#8211; Kunveno 12\/01\/2020,<br \/>\n&#8211; Kial la strigoj ululas,<br \/>\n&#8211; La eskapema kukumo.<\/td>\n<\/tr>\n<tr>\n<td class=\"has-text-align-center\" data-align=\"center\"><img decoding=\"async\" class=\"wp-image-2800\" style=\"width: 150px;\" src=\"https:\/\/esperanto-gironde.fr\/wp-content\/uploads\/legi159.png\" alt=\"\" \/><br \/>\n<a href=\"https:\/\/esperanto-gironde.fr\/wp-content\/uploads\/LEGI159.pdf\" target=\"_blank\" rel=\"noreferrer noopener\">LEGI-159<\/a><br \/>\n09\/2019<\/td>\n<td class=\"has-text-align-left\" data-align=\"left\">&#8211; Kunveno 12\/05\/2019,<br \/>\n&#8211; Naski\u011dfesto de Monique,<br \/>\n&#8211; Nova\u0135oj de la kaprinejo de la fontoj 47,<br \/>\n&#8211; Pierre Delaire 92a sat-kongreso en Barcelono,<br \/>\n&#8211; La fajro faj la leopardo,<br \/>\n&#8211;<a href=\"https:\/\/esperanto-gironde.fr\/wp-content\/uploads\/LEGI159.pdf#page=22\" target=\"_blank\" rel=\"noreferrer noopener\" data-type=\"URL\" data-id=\"https:\/\/esperanto-gironde.fr\/wp-content\/uploads\/LEGI159.pdf#page=22\"> La romano de Renard<\/a>o.<\/td>\n<\/tr>\n<tr>\n<td class=\"has-text-align-center\" data-align=\"center\"><img decoding=\"async\" class=\"wp-image-2801\" style=\"width: 150px;\" src=\"https:\/\/esperanto-gironde.fr\/wp-content\/uploads\/legi158.png\" alt=\"\" \/><br \/>\n<a href=\"https:\/\/esperanto-gironde.fr\/wp-content\/uploads\/LEGI158.pdf\" target=\"_blank\" rel=\"noreferrer noopener\">LEGI-158<\/a><br \/>\n04\/2019<\/td>\n<td class=\"has-text-align-left\" data-align=\"left\">&#8211; Kunveno 3\/02\/2019, Kunveno 21\/03\/2019,<br \/>\n&#8211; Prelego pri la tradukoj de la mona\u0125ino-ciganino de F. Garcia Lorca,<br \/>\n&#8211; La printempo de l&#8217;poetoj,<br \/>\n&#8211; Vinilkosmo sojle de fermo,<br \/>\n&#8211; <a href=\"https:\/\/esperanto-gironde.fr\/wp-content\/uploads\/LEGI158.pdf#page=25\" target=\"_blank\" rel=\"noreferrer noopener\" data-type=\"URL\" data-id=\"https:\/\/esperanto-gironde.fr\/wp-content\/uploads\/LEGI158.pdf#page=25\">El la floraro de Marcelo: Grundohedero<\/a>,<br \/>\n&#8211; <a href=\"https:\/\/esperanto-gironde.fr\/wp-content\/uploads\/LEGI158.pdf#page=26\" target=\"_blank\" rel=\"noreferrer noopener\" data-type=\"URL\" data-id=\"https:\/\/esperanto-gironde.fr\/wp-content\/uploads\/LEGI158.pdf#page=26\">La romano de Renardo<\/a>.<\/td>\n<\/tr>\n<tr>\n<td class=\"has-text-align-center\" data-align=\"center\"><img decoding=\"async\" class=\"wp-image-2802\" style=\"width: 150px;\" src=\"https:\/\/esperanto-gironde.fr\/wp-content\/uploads\/legi157.png\" alt=\"\" \/><br \/>\n<a href=\"https:\/\/esperanto-gironde.fr\/wp-content\/uploads\/LEGI157.pdf\" target=\"_blank\" rel=\"noreferrer noopener\">LEGI-157<\/a><br \/>\n01\/2019<\/td>\n<td class=\"has-text-align-left\" data-align=\"left\">&#8211; Zamenhof-tago 2018,<br \/>\n&#8211; Kunveno 6\/01\/2019,<br \/>\n&#8211; Kongreso en Lisbono,<br \/>\n&#8211; Hispana kongreso de Esperanto,<br \/>\n&#8211; La Mona\u0125ino-ciganino (F Garcia Lorca),<br \/>\n&#8211; <a href=\"https:\/\/esperanto-gironde.fr\/wp-content\/uploads\/LEGI157.pdf#page=17\" target=\"_blank\" rel=\"noreferrer noopener\" data-type=\"URL\" data-id=\"https:\/\/esperanto-gironde.fr\/wp-content\/uploads\/LEGI157.pdf#page=17\">El la floraro de Marcelo: oficina borago<\/a>,<br \/>\n&#8211; <a href=\"https:\/\/esperanto-gironde.fr\/wp-content\/uploads\/LEGI157.pdf#page=18\" target=\"_blank\" rel=\"noreferrer noopener\" data-type=\"URL\" data-id=\"https:\/\/esperanto-gironde.fr\/wp-content\/uploads\/LEGI157.pdf#page=18\">La romano de Renardo<\/a>.<\/td>\n<\/tr>\n<tr>\n<td class=\"has-text-align-center\" data-align=\"center\"><img decoding=\"async\" class=\"wp-image-2803\" style=\"width: 150px;\" src=\"https:\/\/esperanto-gironde.fr\/wp-content\/uploads\/legi156.png\" alt=\"\" \/><br \/>\n<a href=\"https:\/\/esperanto-gironde.fr\/wp-content\/uploads\/LEGI156.pdf\" target=\"_blank\" rel=\"noreferrer noopener\">LEGI-156<\/a><br \/>\n11\/2018<\/td>\n<td class=\"has-text-align-left\" data-align=\"left\">&#8211; Kunveno 10\/06\/2018,<br \/>\n&#8211; Naturo sano: tropeolo,<br \/>\n&#8211; For la mortpuno,<br \/>\n&#8211; <a href=\"https:\/\/esperanto-gironde.fr\/wp-content\/uploads\/LEGI156.pdf#page=8\" target=\"_blank\" rel=\"noreferrer noopener\" data-type=\"URL\" data-id=\"https:\/\/esperanto-gironde.fr\/wp-content\/uploads\/LEGI156.pdf#page=8\">\u011c.A. oct 2018<\/a>,<br \/>\n&#8211; La 103a UK en Lisbono,<br \/>\n&#8211; Sat-kongreso en Kragujevac,<br \/>\n&#8211; Donaco de Brian Moon al la kompanoj,<br \/>\n&#8211; <a href=\"https:\/\/esperanto-gironde.fr\/wp-content\/uploads\/LEGI156.pdf#page=18\" target=\"_blank\" rel=\"noreferrer noopener\" data-type=\"URL\" data-id=\"https:\/\/esperanto-gironde.fr\/wp-content\/uploads\/LEGI156.pdf#page=18\">La romano de Renardo<\/a><\/td>\n<\/tr>\n<tr>\n<td class=\"has-text-align-center\" data-align=\"center\"><img decoding=\"async\" class=\"wp-image-2804\" style=\"width: 150px;\" src=\"https:\/\/esperanto-gironde.fr\/wp-content\/uploads\/legi155.png\" alt=\"\" \/><br \/>\n<a href=\"https:\/\/esperanto-gironde.fr\/wp-content\/uploads\/LEGI155.pdf\" target=\"_blank\" rel=\"noreferrer noopener\">LEGI-155<\/a><br \/>\n07\/2018<\/td>\n<td class=\"has-text-align-left\" data-align=\"left\">Aparta funebra numero de Legi:<br \/>\n&#8211; Louisette Levreault,<br \/>\n&#8211; Laura Vieillefont<\/td>\n<\/tr>\n<tr>\n<td class=\"has-text-align-center\" data-align=\"center\"><img decoding=\"async\" class=\"wp-image-2805\" style=\"width: 150px;\" src=\"https:\/\/esperanto-gironde.fr\/wp-content\/uploads\/legi154.png\" alt=\"\" \/><br \/>\n<a href=\"https:\/\/esperanto-gironde.fr\/wp-content\/uploads\/LEGI154.pdf\" target=\"_blank\" rel=\"noreferrer noopener\">LEGI-154<\/a><br \/>\n06\/2018<\/td>\n<td class=\"has-text-align-left\" data-align=\"left\">50jara festo Esperanto-Gironde<\/td>\n<\/tr>\n<tr>\n<td class=\"has-text-align-center\" data-align=\"center\"><img decoding=\"async\" class=\"wp-image-2806\" style=\"width: 150px;\" src=\"https:\/\/esperanto-gironde.fr\/wp-content\/uploads\/legi153.png\" alt=\"\" \/><br \/>\n<a href=\"https:\/\/esperanto-gironde.fr\/wp-content\/uploads\/LEGI153.pdf\" target=\"_blank\" rel=\"noreferrer noopener\">LEGI-153<\/a><br \/>\n02\/2018<\/td>\n<td class=\"has-text-align-left\" data-align=\"left\">&#8211; Kunveno 19\/11\/2017,<br \/>\n&#8211; Kunveno 17\/12\/2017,<br \/>\n&#8211; Kunveno 20\/01\/2018,<br \/>\n&#8211; Naturo sano: cinamo,<br \/>\n&#8211; Migrantoj,<br \/>\n&#8211; <a href=\"https:\/\/esperanto-gironde.fr\/wp-content\/uploads\/LEGI153.pdf#page=22\" target=\"_blank\" rel=\"noreferrer noopener\" data-type=\"URL\" data-id=\"https:\/\/esperanto-gironde.fr\/wp-content\/uploads\/LEGI153.pdf#page=22\">La romano de Renardo<\/a>.<\/td>\n<\/tr>\n<tr>\n<td class=\"has-text-align-center\" data-align=\"center\"><img decoding=\"async\" class=\"wp-image-2807\" style=\"width: 150px;\" src=\"https:\/\/esperanto-gironde.fr\/wp-content\/uploads\/legi152.png\" alt=\"\" \/><br \/>\n<a href=\"https:\/\/esperanto-gironde.fr\/wp-content\/uploads\/LEGI152.pdf\" target=\"_blank\" rel=\"noreferrer noopener\">LEGI-152<\/a><br \/>\n1\/2017<\/td>\n<td class=\"has-text-align-left\" data-align=\"left\">&#8211; <a href=\"https:\/\/esperanto-gironde.fr\/wp-content\/uploads\/LEGI152.pdf#page=2\" target=\"_blank\" rel=\"noreferrer noopener\" data-type=\"URL\" data-id=\"https:\/\/esperanto-gironde.fr\/wp-content\/uploads\/LEGI152.pdf#page=2\">\u011c.A. oct 2- 017<\/a>,<br \/>\n&#8211; Projet pour les 50 ans,<br \/>\n&#8211; Kontra\u016d nukleaj armiloj,<br \/>\n&#8211; Naruro sano: timiano,<br \/>\n&#8211; Arkivo de CGT 1927,<br \/>\n&#8211; Kanzono \u015dtormvetero,<br \/>\n&#8211; <a href=\"https:\/\/esperanto-gironde.fr\/wp-content\/uploads\/LEGI152.pdf#page=18\" target=\"_blank\" rel=\"noreferrer noopener\" data-type=\"URL\" data-id=\"https:\/\/esperanto-gironde.fr\/wp-content\/uploads\/LEGI152.pdf#page=18\">La romano de Renardo<\/a>.<\/td>\n<\/tr>\n<tr>\n<td class=\"has-text-align-center\" data-align=\"center\"><img decoding=\"async\" class=\"wp-image-2808\" style=\"width: 150px;\" src=\"https:\/\/esperanto-gironde.fr\/wp-content\/uploads\/legi151.png\" alt=\"\" \/><br \/>\n<a href=\"https:\/\/esperanto-gironde.fr\/wp-content\/uploads\/LEGI151.pdf\" target=\"_blank\" rel=\"noreferrer noopener\">LEGI-151<\/a><br \/>\n06\/2017<\/td>\n<td class=\"has-text-align-left\" data-align=\"left\">&#8211; Kunveno 2\/04\/2017,<br \/>\n&#8211; Zamenhof-festo,<br \/>\n&#8211; Kunveno 21\/05\/2017,<br \/>\n&#8211; Esperanto 79 Parthenay,<br \/>\n&#8211; Iun tagon kun niaj siriaj geamikoj,<br \/>\n&#8211; Naturo sano : Salvio,<br \/>\n&#8211; Malrapida elvekigo,<br \/>\n&#8211; <a href=\"https:\/\/esperanto-gironde.fr\/wp-content\/uploads\/LEGI151.pdf#page=18\" target=\"_blank\" rel=\"noreferrer noopener\" data-type=\"URL\" data-id=\"https:\/\/esperanto-gironde.fr\/wp-content\/uploads\/LEGI151.pdf#page=18\">La romano de Renardo<\/a>.<\/td>\n<\/tr>\n<tr>\n<td class=\"has-text-align-center\" data-align=\"center\"><img decoding=\"async\" class=\"wp-image-2809\" style=\"width: 150px;\" src=\"https:\/\/esperanto-gironde.fr\/wp-content\/uploads\/legi150.png\" alt=\"\" \/><br \/>\n<a href=\"https:\/\/esperanto-gironde.fr\/wp-content\/uploads\/LEGI150.pdf\" target=\"_blank\" rel=\"noreferrer noopener\">LEGI-150<\/a><br \/>\n03\/2017<\/td>\n<td class=\"has-text-align-left\" data-align=\"left\">&#8211; Jubilea numero &#8211; 150a LEGI ,<br \/>\n&#8211; Oma\u011de al \u015celin&#8217;,<br \/>\n&#8211; Kunveno 8\/01\/2017,<br \/>\n&#8211; Kunveno 12\/02\/2017,<br \/>\n&#8211; La rozoj de Sadio,<br \/>\n&#8211; Giovanni Peterlongo,<br \/>\n&#8211; Naturo sano : Kurkumo,<br \/>\n&#8211; Pirenea esperantista koruso en Ari\u00e8ge,<br \/>\n&#8211;<a href=\"https:\/\/esperanto-gironde.fr\/wp-content\/uploads\/LEGI150.pdf#page=26\" target=\"_blank\" rel=\"noreferrer noopener\" data-type=\"URL\" data-id=\"https:\/\/esperanto-gironde.fr\/wp-content\/uploads\/LEGI150.pdf#page=26\"> La romano de Renardo<\/a>.<\/td>\n<\/tr>\n<tr>\n<td class=\"has-text-align-center\" data-align=\"center\"><img decoding=\"async\" class=\"wp-image-2810\" style=\"width: 150px;\" src=\"https:\/\/esperanto-gironde.fr\/wp-content\/uploads\/legi149.png\" alt=\"\" \/><br \/>\n<a href=\"https:\/\/esperanto-gironde.fr\/wp-content\/uploads\/LEGI149.pdf\" target=\"_blank\" rel=\"noreferrer noopener\">LEGI-149<\/a><br \/>\n12\/2016<\/td>\n<td class=\"has-text-align-left\" data-align=\"left\">&#8211; <a href=\"https:\/\/esperanto-gironde.fr\/wp-content\/uploads\/LEGI149.pdf#page=3\" target=\"_blank\" rel=\"noreferrer noopener\" data-type=\"URL\" data-id=\"https:\/\/esperanto-gironde.fr\/wp-content\/uploads\/LEGI149.pdf#page=3\">\u011c.A. nov 2016<\/a>,<br \/>\n&#8211; Naturo sano: La efikoj de aloo vera,<br \/>\n&#8211; <a href=\"https:\/\/esperanto-gironde.fr\/wp-content\/uploads\/LEGI149.pdf#page=12\" target=\"_blank\" rel=\"noreferrer noopener\" data-type=\"URL\" data-id=\"https:\/\/esperanto-gironde.fr\/wp-content\/uploads\/LEGI149.pdf#page=12\">La romano de Renardo<\/a>,<br \/>\n&#8211; Korvo kaj vulpo.<\/td>\n<\/tr>\n<tr>\n<td class=\"has-text-align-center\" data-align=\"center\"><img decoding=\"async\" class=\"wp-image-2811\" style=\"width: 150px;\" src=\"https:\/\/esperanto-gironde.fr\/wp-content\/uploads\/legi148.png\" alt=\"\" \/><br \/>\n<a href=\"https:\/\/esperanto-gironde.fr\/wp-content\/uploads\/LEGI148.pdf\" target=\"_blank\" rel=\"noreferrer noopener\">LEGI-148<\/a><br \/>\n10\/2016<\/td>\n<td class=\"has-text-align-left\" data-align=\"left\">&#8211; E\u016dropa festivalo de Chatillon sur Indre,<br \/>\n&#8211; 20-jara jubileo de Montendre Esperanto grupo,<br \/>\n&#8211; Esp\u00e9ranto Vend\u00e9e f\u00eate ses 20 ans,<br \/>\n&#8211; 101-a UK en Nitro.<br \/>\n&#8211; <a href=\"https:\/\/esperanto-gironde.fr\/wp-content\/uploads\/LEGI148.pdf#page=18\" target=\"_blank\" rel=\"noreferrer noopener\" data-type=\"URL\" data-id=\"https:\/\/esperanto-gironde.fr\/wp-content\/uploads\/LEGI148.pdf#page=18\">La romano de Renardo<\/a>.<\/td>\n<\/tr>\n<tr>\n<td class=\"has-text-align-center\" data-align=\"center\"><img decoding=\"async\" class=\"wp-image-2812\" style=\"width: 150px;\" src=\"https:\/\/esperanto-gironde.fr\/wp-content\/uploads\/legi147.png\" alt=\"\" \/><br \/>\n<a href=\"https:\/\/esperanto-gironde.fr\/wp-content\/uploads\/LEGI147.pdf\" target=\"_blank\" rel=\"noreferrer noopener\">LEGI-147<\/a><br \/>\n04\/2016<\/td>\n<td class=\"has-text-align-left\" data-align=\"left\">&#8211; Marta sta\u011do apud Limo\u011do,<br \/>\n&#8211; Kunveno 20\/03\/2016,<br \/>\n&#8211; Prelego de Saeed Ahmad,<br \/>\n&#8211; <a href=\"https:\/\/esperanto-gironde.fr\/wp-content\/uploads\/LEGI147.pdf#page=14\" target=\"_blank\" rel=\"noreferrer noopener\" data-type=\"URL\" data-id=\"https:\/\/esperanto-gironde.fr\/wp-content\/uploads\/LEGI147.pdf#page=14\">La romano de Renardo<\/a>.<\/td>\n<\/tr>\n<tr>\n<td class=\"has-text-align-center\" data-align=\"center\"><img decoding=\"async\" class=\"wp-image-2813\" style=\"width: 150px;\" src=\"https:\/\/esperanto-gironde.fr\/wp-content\/uploads\/legi146.png\" alt=\"\" \/><br \/>\n<a href=\"https:\/\/esperanto-gironde.fr\/wp-content\/uploads\/LEGI146.pdf\" target=\"_blank\" rel=\"noreferrer noopener\">LEGI-146<\/a><br \/>\n02\/2016<\/td>\n<td class=\"has-text-align-left\" data-align=\"left\">&#8211; Centjari\u011do de Pedro Sevilla,<br \/>\n&#8211; <a href=\"https:\/\/esperanto-gironde.fr\/wp-content\/uploads\/LEGI146.pdf#page=11\" target=\"_blank\" rel=\"noreferrer noopener\">\u011c.A. nov 2015<\/a><br \/>\n&#8211; La labor-borso de Bordozo,<br \/>\n&#8211; La feli\u0109o,<br \/>\n&#8211; <a href=\"https:\/\/esperanto-gironde.fr\/wp-content\/uploads\/LEGI146.pdf#page=3\" target=\"_blank\" rel=\"noreferrer noopener\">La romano de Renardo<\/a>,<\/td>\n<\/tr>\n<tr>\n<td class=\"has-text-align-center\" data-align=\"center\"><img decoding=\"async\" class=\"wp-image-2814\" style=\"width: 150px;\" src=\"https:\/\/esperanto-gironde.fr\/wp-content\/uploads\/legi145.png\" alt=\"legi145\" \/><br \/>\n<a href=\"https:\/\/esperanto-gironde.fr\/wp-content\/uploads\/LEGI145.pdf\" target=\"_blank\" rel=\"noreferrer noopener\">LEGI-145<\/a><br \/>\n11\/2015<\/td>\n<td class=\"has-text-align-left\" data-align=\"left\">&#8211; Letero al la CGT (arkivo),<br \/>\n&#8211; <a href=\"https:\/\/esperanto-gironde.fr\/wp-content\/uploads\/LEGI145.pdf#page=3\" target=\"_blank\" rel=\"noreferrer noopener\">La romano de Renardo<\/a>,<\/td>\n<\/tr>\n<tr>\n<td class=\"has-text-align-center\" data-align=\"center\"><img decoding=\"async\" class=\"wp-image-2814\" style=\"width: 150px;\" src=\"https:\/\/esperanto-gironde.fr\/wp-content\/uploads\/legi144.png\" alt=\"legi144\" \/><br \/>\n<a href=\"https:\/\/esperanto-gironde.fr\/wp-content\/uploads\/LEGI144.pdf\" target=\"_blank\" rel=\"noreferrer noopener\">LEGI-144<\/a><br \/>\n10\/2015<\/td>\n<td class=\"has-text-align-left\" data-align=\"left\">&#8211; Speciala numero : La kompanoj en la Lilla UK<\/td>\n<\/tr>\n<tr>\n<td class=\"has-text-align-center\" data-align=\"center\"><\/td>\n<td class=\"has-text-align-left\" data-align=\"left\"><\/td>\n<\/tr>\n<tr>\n<td class=\"has-text-align-center\" data-align=\"center\"><img decoding=\"async\" class=\"wp-image-2814\" style=\"width: 150px;\" src=\"https:\/\/esperanto-gironde.fr\/wp-content\/uploads\/legi143.png\" alt=\"\" \/><br \/>\n<a href=\"https:\/\/esperanto-gironde.fr\/wp-content\/uploads\/LEGI143.pdf\" target=\"_blank\" rel=\"noreferrer noopener\">LEGI-143<\/a><br \/>\n06\/2015<\/td>\n<td class=\"has-text-align-left\" data-align=\"left\">&#8211; Kunveno 15\/02\/2015,<br \/>\n&#8211; Nova KD : Morine Stride kaj Isabelle Diaz kantas la amon,<br \/>\n&#8211; Kanzonsta\u011doj kun la kompanoj,<br \/>\n&#8211; Franca Esperanto-instituto,<br \/>\n&#8211; Oma\u011de al Bernardo Moynet,<br \/>\n&#8211;\u00a0<a href=\"https:\/\/esperanto-gironde.fr\/wp-content\/uploads\/LEGI143.pdf#page=14\" target=\"_blank\" rel=\"noreferrer noopener\">La romano de Renardo<\/a>.<\/td>\n<\/tr>\n<tr>\n<td class=\"has-text-align-center\" data-align=\"center\"><img decoding=\"async\" class=\"wp-image-2814\" style=\"width: 150px;\" src=\"https:\/\/esperanto-gironde.fr\/wp-content\/uploads\/legi142.png\" alt=\"\" \/><br \/>\n<a href=\"https:\/\/esperanto-gironde.fr\/wp-content\/uploads\/LEGI142.pdf\" target=\"_blank\" rel=\"noreferrer noopener\">LEGI-142<\/a><br \/>\n02\/2015<\/td>\n<td class=\"has-text-align-left\" data-align=\"left\">&#8211; Kunveno 23\/11\/2014,<br \/>\n&#8211; Zamenhof tago 14\/12\/2014 en Creon,<br \/>\n&#8211; Nia vizito\u00a0\u0109e &#8220;paradizo tuj&#8221;,<br \/>\n&#8211; Kunveno 12\/01\/2015,<br \/>\n<a href=\"https:\/\/esperanto-gironde.fr\/wp-content\/uploads\/LEGI142.pdf#page=14\" target=\"_blank\" rel=\"noreferrer noopener\">&#8211; La romano de Renardo<\/a>.<\/td>\n<\/tr>\n<tr>\n<td class=\"has-text-align-center\" data-align=\"center\"><img decoding=\"async\" class=\"wp-image-2814\" style=\"width: 150px;\" src=\"https:\/\/esperanto-gironde.fr\/wp-content\/uploads\/legi141.png\" alt=\"\" \/><br \/>\n<a href=\"https:\/\/esperanto-gironde.fr\/wp-content\/uploads\/LEGI141.pdf\" target=\"_blank\" rel=\"noreferrer noopener\">LEGI-141<\/a><br \/>\n10\/2014<\/td>\n<td class=\"has-text-align-left\" data-align=\"left\">&#8211; La kompanoj: Plian gigantan pa\u015don al Lillo,<br \/>\n&#8211; Pilgrima taeko,<br \/>\n&#8211; Pri la grupo de Gujan-Mestras,<br \/>\n&#8211; Teatrajeto:\u00a0 Novri\u0109ulo kaj Herboman\u011danto sur a\u016dtoparkejo de ciovendejo.<br \/>\n<a href=\"https:\/\/esperanto-gironde.fr\/wp-content\/uploads\/LEGI141.pdf#page=6\" target=\"_blank\" rel=\"noreferrer noopener\">&#8211; \u011c.A. sep 2014<\/a>,<br \/>\n<a href=\"https:\/\/esperanto-gironde.fr\/wp-content\/uploads\/LEGI141.pdf#page=16\" target=\"_blank\" rel=\"noreferrer noopener\">&#8211; Romano de Renardo<\/a>,<br \/>\n&#8211; Kanzonsta\u011do en Artigues 11\/10\/2014,<br \/>\n&#8211; Recenzo &#8211; Kiu semas venton&#8230; Maragan.<\/td>\n<\/tr>\n<tr>\n<td class=\"has-text-align-center\" data-align=\"center\"><img decoding=\"async\" class=\"wp-image-2814\" style=\"width: 150px;\" src=\"https:\/\/esperanto-gironde.fr\/wp-content\/uploads\/legi140.png\" alt=\"\" \/><br \/>\n<a href=\"https:\/\/esperanto-gironde.fr\/wp-content\/uploads\/LEGI140.pdf\" target=\"_blank\" rel=\"noreferrer noopener\">LEGI-140<\/a><br \/>\n06\/2014<\/td>\n<td class=\"has-text-align-left\" data-align=\"left\">&#8211; Miguel Angel Gonzalez\u00a0\u0109e Esperanto Gironde,<br \/>\n&#8211; Kanzono sta\u011do,<br \/>\n&#8211;\u00a0<a href=\"https:\/\/esperanto-gironde.fr\/wp-content\/uploads\/LEGI140.pdf#page=12\" target=\"_blank\" rel=\"noreferrer noopener\">La romano de Renardo<\/a>,<br \/>\n&#8211; La koko kay la vulpo.<\/td>\n<\/tr>\n<tr>\n<td class=\"has-text-align-center\" data-align=\"center\"><img decoding=\"async\" class=\"wp-image-2814\" style=\"width: 150px;\" src=\"https:\/\/esperanto-gironde.fr\/wp-content\/uploads\/legi139.png\" alt=\"\" \/><br \/>\n<a href=\"https:\/\/esperanto-gironde.fr\/wp-content\/uploads\/LEGI139.pdf\" target=\"_blank\" rel=\"noreferrer noopener\">LEGI-139<\/a><br \/>\n02\/2014<\/td>\n<td class=\"has-text-align-left\" data-align=\"left\">&#8211; Zamenhof tago 15\/12\/2013,<br \/>\n&#8211; La turisma gvidlibro,<br \/>\n&#8211; Kunveno 12\/01\/2014,<br \/>\n<a href=\"https:\/\/esperanto-gironde.fr\/wp-content\/uploads\/LEGI139.pdf#page=12\" target=\"_blank\" rel=\"noreferrer noopener\">&#8211; La romano de Renardo<\/a>,<br \/>\n&#8211; Vivu Interkant&#8217;,<br \/>\n&#8211; Recepto: Salmorula\u0135o.<\/td>\n<\/tr>\n<tr>\n<td class=\"has-text-align-center\" data-align=\"center\"><img decoding=\"async\" class=\"wp-image-2814\" style=\"width: 150px;\" src=\"https:\/\/esperanto-gironde.fr\/wp-content\/uploads\/legi138.png\" alt=\"\" \/><br \/>\n<a href=\"https:\/\/esperanto-gironde.fr\/wp-content\/uploads\/LEGI138.pdf\" target=\"_blank\" rel=\"noreferrer noopener\">LEGI-138<\/a><br \/>\n11\/2013<\/td>\n<td class=\"has-text-align-left\" data-align=\"left\">&#8211;<a href=\"https:\/\/esperanto-gironde.fr\/wp-content\/uploads\/LEGI138.pdf#page=2\" target=\"_blank\" rel=\"noreferrer noopener\"> \u011c.A. sep 2013<\/a>,<br \/>\n&#8211; Turisma gvidlibro,<br \/>\n&#8211; Vizito al skulptisto,<br \/>\n&#8211; Kunveno 9\/11\/2013,<br \/>\n&#8211; La Kompanoj&#8230; enga\u011dita trupo,<br \/>\n&#8211; Franca Esperanto-instituto\u00a0\u00a0.<\/td>\n<\/tr>\n<tr>\n<td class=\"has-text-align-center\" data-align=\"center\"><img decoding=\"async\" class=\"wp-image-2814\" style=\"width: 150px;\" src=\"https:\/\/esperanto-gironde.fr\/wp-content\/uploads\/legi137.png\" alt=\"\" \/><br \/>\nLEGI-137<br \/>\n11\/2099<\/td>\n<td class=\"has-text-align-left\" data-align=\"left\">-Non disponible<\/td>\n<\/tr>\n<tr>\n<td class=\"has-text-align-center\" data-align=\"center\"><img decoding=\"async\" class=\"wp-image-2814\" style=\"width: 150px;\" src=\"https:\/\/esperanto-gironde.fr\/wp-content\/uploads\/legi136.png\" alt=\"\" \/><br \/>\n<a href=\"https:\/\/esperanto-gironde.fr\/wp-content\/uploads\/LEGI136.pdf\" target=\"_blank\" rel=\"noreferrer noopener\">LEGI-136<\/a><br \/>\n09\/2013<\/td>\n<td class=\"has-text-align-left\" data-align=\"left\">&#8211; Morala raporto 2012-2013,<br \/>\n&#8211; Plouezec 08\/2013<\/td>\n<\/tr>\n<tr>\n<td class=\"has-text-align-center\" data-align=\"center\"><img decoding=\"async\" class=\"wp-image-2814\" style=\"width: 150px;\" src=\"https:\/\/esperanto-gironde.fr\/wp-content\/uploads\/legi135.png\" alt=\"\" \/><br \/>\n<a href=\"https:\/\/esperanto-gironde.fr\/wp-content\/uploads\/LEGI135.pdf\" target=\"_blank\" rel=\"noreferrer noopener\">LEGI-135<\/a><br \/>\n07\/2013<\/td>\n<td class=\"has-text-align-left\" data-align=\"left\">&#8211; Pri la duopa kongreso en Artigues,<br \/>\n&#8211;\u00a0&#8220;Esperanto&#8221;,\u00a0 Ekstrakta\u0135o el mia dekdu pa\u011da kongresa tag\u0135urnalo\u00a0 (Marcelo),<br \/>\n&#8211; La 65-a IFEF-Kongreso,<br \/>\n&#8211; 30\/6\/2013 en Gujan Mestras,<br \/>\n&#8211; Por misridi,<br \/>\n&#8211; Forumo de asocioj en Cenon,<br \/>\n&#8211; Post nia spektaklo.\u00a0 \u00a0\u00a0.<\/td>\n<\/tr>\n<tr>\n<td class=\"has-text-align-center\" data-align=\"center\"><img decoding=\"async\" class=\"wp-image-2814\" style=\"width: 150px;\" src=\"https:\/\/esperanto-gironde.fr\/wp-content\/uploads\/legi134.png\" alt=\"\" \/><br \/>\n<a href=\"https:\/\/esperanto-gironde.fr\/wp-content\/uploads\/LEGI134.pdf\" target=\"_blank\" rel=\"noreferrer noopener\">LEGI-134<\/a><br \/>\n04\/2013<\/td>\n<td class=\"has-text-align-left\" data-align=\"left\">&#8211; TUT Pirenea Esperanto-koruso,<br \/>\n<a href=\"https:\/\/esperanto-gironde.fr\/wp-content\/uploads\/LEGI134.pdf#page=4\" target=\"_blank\" rel=\"noreferrer noopener\">&#8211; Heroo kontra\u016d\u00a0kancero: Jean-Alban Bergonie<\/a>,<br \/>\n&#8211; Metabief.<\/td>\n<\/tr>\n<tr>\n<td class=\"has-text-align-center\" data-align=\"center\"><img decoding=\"async\" class=\"wp-image-2814\" style=\"width: 150px;\" src=\"https:\/\/esperanto-gironde.fr\/wp-content\/uploads\/legi133.png\" alt=\"\" \/><br \/>\n<a href=\"https:\/\/esperanto-gironde.fr\/wp-content\/uploads\/LEGI133.pdf\" target=\"_blank\" rel=\"noreferrer noopener\">LEGI-133<\/a><br \/>\n01\/2013<\/td>\n<td class=\"has-text-align-left\" data-align=\"left\">&#8211; Esperanta semajno en naturamika medio,\u00a0\u00a0 r<br \/>\n&#8211; Akonto de avo kiu ne\u00a0\u015datis kukojn,<br \/>\n&#8211; Heroo en la vivo kaj batalo,<br \/>\n&#8211; Interkant interprertas &#8220;\u0109irka\u016d\u00a0karmena&#8221;,<br \/>\n&#8211; Observatorio de Bordozo,<br \/>\n<a href=\"https:\/\/esperanto-gironde.fr\/wp-content\/uploads\/LEGI133.pdf#page=11\" target=\"_blank\" rel=\"noreferrer noopener\">&#8211; La unua aventuro de Renardo<\/a>.<\/td>\n<\/tr>\n<tr>\n<td class=\"has-text-align-center\" data-align=\"center\"><img decoding=\"async\" class=\"wp-image-2814\" style=\"width: 150px;\" src=\"https:\/\/esperanto-gironde.fr\/wp-content\/uploads\/legi132.png\" alt=\"\" \/><br \/>\n<a href=\"https:\/\/esperanto-gironde.fr\/wp-content\/uploads\/LEGI132.pdf\" target=\"_blank\" rel=\"noreferrer noopener\">LEGI-132<\/a><br \/>\n10\/2012<\/td>\n<td class=\"has-text-align-left\" data-align=\"left\"><a href=\"https:\/\/esperanto-gironde.fr\/wp-content\/uploads\/LEGI132.pdf#page=2\" target=\"_blank\" rel=\"noreferrer noopener\">&#8211; \u011c.A.\u00a030\/9\/2012 Cenon<\/a>,<br \/>\n&#8211; Hanojo : Nia dua UK,<br \/>\n&#8211; Pri neordianara SAT-Kongreso en Jalto (Ukraino) raportas Marcelo kaj Klodin,<br \/>\n&#8211; Kelkaj Liburnaj novajxoj,<br \/>\n<a href=\"https:\/\/esperanto-gironde.fr\/wp-content\/uploads\/LEGI132.pdf#page=15\" target=\"_blank\" rel=\"noreferrer noopener\">&#8211; Unua aventuro de Renardo<\/a>\u00a0.<\/td>\n<\/tr>\n<tr>\n<td class=\"has-text-align-center\" data-align=\"center\"><img decoding=\"async\" class=\"wp-image-2814\" style=\"width: 150px;\" src=\"https:\/\/esperanto-gironde.fr\/wp-content\/uploads\/legi131.png\" alt=\"\" \/><br \/>\n<a href=\"https:\/\/esperanto-gironde.fr\/wp-content\/uploads\/LEGI131.pdf\" target=\"_blank\" rel=\"noreferrer noopener\">LEGI-131<\/a><br \/>\n06\/2012<\/td>\n<td class=\"has-text-align-left\" data-align=\"left\">&#8211;\u00a0La burdigala foiro,<br \/>\n&#8211; Rodica en Cenon,<br \/>\n&#8211; Karmen sur reloj,<br \/>\n&#8211; \u015dan\u011do de la estraro,<br \/>\n<a href=\"https:\/\/esperanto-gironde.fr\/wp-content\/uploads\/LEGI131.pdf#page=11\" target=\"_blank\" rel=\"noreferrer noopener\">&#8211; La romano de Renardo (sekvo kaj fino de la prologo)<\/a>.<\/td>\n<\/tr>\n<tr>\n<td class=\"has-text-align-center\" data-align=\"center\"><img decoding=\"async\" class=\"wp-image-2814\" style=\"width: 150px;\" src=\"https:\/\/esperanto-gironde.fr\/wp-content\/uploads\/legi130.png\" alt=\"\" \/><br \/>\nLEGI-130<br \/>\n11\/2099<\/td>\n<td class=\"has-text-align-left\" data-align=\"left\">-Non disponible<\/td>\n<\/tr>\n<tr>\n<td class=\"has-text-align-center\" data-align=\"center\"><img decoding=\"async\" class=\"wp-image-2814\" style=\"width: 150px;\" src=\"https:\/\/esperanto-gironde.fr\/wp-content\/uploads\/legi129.png\" alt=\"\" \/><br \/>\n<a href=\"https:\/\/esperanto-gironde.fr\/wp-content\/uploads\/LEGI129.pdf\" target=\"_blank\" rel=\"noreferrer noopener\">LEGI-129<\/a><br \/>\n11\/2011<\/td>\n<td class=\"has-text-align-left\" data-align=\"left\">&#8211;\u00a0<a href=\"https:\/\/esperanto-gironde.fr\/wp-content\/uploads\/LEGI129.pdf#page=2\" target=\"_blank\" rel=\"noreferrer noopener\">\u011c.A. 24\/9\/2011\u00a0 Margueron<\/a>,<br \/>\n&#8211; Forumo de la asocioj en Cenon,<br \/>\n&#8211; Opero Carmen kaj Interkant,<br \/>\n&#8211; El Diktatoro (Karlo \u0108aplin&#8217;).<\/td>\n<\/tr>\n<tr>\n<td class=\"has-text-align-center\" data-align=\"center\"><img decoding=\"async\" class=\"wp-image-2814\" style=\"width: 150px;\" src=\"https:\/\/esperanto-gironde.fr\/wp-content\/uploads\/legi128.png\" alt=\"\" \/><br \/>\n<a href=\"https:\/\/esperanto-gironde.fr\/wp-content\/uploads\/LEGI128.pdf\" target=\"_blank\" rel=\"noreferrer noopener\">LEGI-128<\/a><br \/>\n07\/2011<\/td>\n<td class=\"has-text-align-left\" data-align=\"left\">&#8211; Mia IREM kongreso en Sete,<br \/>\n&#8211; Jacques Yvart kaj Famo koncertis en Cambes,<br \/>\n&#8211; Kapriol en Galgono,<br \/>\n&#8211; Maja kunveno en Libourne,<br \/>\n&#8211; Ameriko insurgenta (Pablo Neruda)\u00a0 .<\/td>\n<\/tr>\n<tr>\n<td class=\"has-text-align-center\" data-align=\"center\"><img decoding=\"async\" class=\"wp-image-2814\" style=\"width: 150px;\" src=\"https:\/\/esperanto-gironde.fr\/wp-content\/uploads\/legi127.png\" alt=\"\" \/><br \/>\n<a href=\"https:\/\/esperanto-gironde.fr\/wp-content\/uploads\/LEGI127.pdf\" target=\"_blank\" rel=\"noreferrer noopener\">LEGI-127<\/a><br \/>\n03\/2011<\/td>\n<td class=\"has-text-align-left\" data-align=\"left\">&#8211; La\u00a0\u011denerala kanto en la prele\u011do St-Sylve,<br \/>\n&#8211; Matuzet (da\u016drigo)\u00a0.<\/td>\n<\/tr>\n<tr>\n<td class=\"has-text-align-center\" data-align=\"center\"><img decoding=\"async\" class=\"wp-image-2814\" style=\"width: 150px;\" src=\"https:\/\/esperanto-gironde.fr\/wp-content\/uploads\/legi126.png\" alt=\"\" \/><br \/>\n<a href=\"https:\/\/esperanto-gironde.fr\/wp-content\/uploads\/LEGI126.pdf\" target=\"_blank\" rel=\"noreferrer noopener\">LEGI-126<\/a><br \/>\n01\/2011<\/td>\n<td class=\"has-text-align-left\" data-align=\"left\">&#8211;\u00a0Varma Zamenhof-tago en Montendre (dec 2020),<br \/>\n<a href=\"https:\/\/esperanto-gironde.fr\/wp-content\/uploads\/LEGI126.pdf#page=5\" target=\"_blank\" rel=\"noreferrer noopener\">&#8211; Kanto por la garburo<\/a>,<br \/>\n&#8211; Legado,<br \/>\n&#8211; Renkonto kun santonanoj pri Esperanto,<br \/>\n<a href=\"https:\/\/esperanto-gironde.fr\/wp-content\/uploads\/LEGI126.pdf#page=10\" target=\"_blank\" rel=\"noreferrer noopener\">&#8211; Anka\u016d\u00a0en Esperanto la kantoj de Brassens bele sonas!<\/a>,<br \/>\n&#8211; Johano la neavertinto,<br \/>\n&#8211; Matuzet .<\/td>\n<\/tr>\n<tr>\n<td class=\"has-text-align-center\" data-align=\"center\"><img decoding=\"async\" class=\"wp-image-2814\" style=\"width: 150px;\" src=\"https:\/\/esperanto-gironde.fr\/wp-content\/uploads\/legi125.png\" alt=\"\" \/><br \/>\n<a href=\"https:\/\/esperanto-gironde.fr\/wp-content\/uploads\/LEGI125.pdf\" target=\"_blank\" rel=\"noreferrer noopener\">LEGI-125<\/a><br \/>\n11\/2010<\/td>\n<td class=\"has-text-align-left\" data-align=\"left\"><\/td>\n<\/tr>\n<\/tbody>\n<\/table>\n<\/figure>\n","protected":false},"excerpt":{"rendered":"<p>Nr \/Date Sommaire LEGI-183 04\/2026 Speciala poezia numero ! La printempo de l&#8217;poetoj 2026 kunveno en Pessac 29\/03\/2026 LEGI-182 03\/2026 \u2013 Kunveno en Pessac,\u00a0 \u00a014\/12\/2025, 18\/01\/2026, 22\/02\/2026 \u2013 Nekrologo: Rob Moerebeek \u2013 Kinejo Utopia en Palmer \u2013 Spektaklo &#8220;Sor\u0109e de verda stelo&#8221; \u2013 El notlibro de voja\u011danto &#8211; Granda balo sur kampo &#8211; Enigmo (plantonomoj) &hellip; <\/p>\n<p class=\"link-more\"><a href=\"https:\/\/esperanto-gironde.fr\/eo\/legi\/\" class=\"more-link\">Da\u016drigi legadon<span class=\"screen-reader-text\"> &#8220;LEGI&#8221;<\/span><\/a><\/p>\n","protected":false},"author":3,"featured_media":274,"parent":0,"menu_order":0,"comment_status":"closed","ping_status":"closed","template":"","meta":{"footnotes":""},"class_list":["post-11","page","type-page","status-publish","has-post-thumbnail","hentry"],"translation":{"provider":"WPGlobus","version":"3.0.2","language":"eo","enabled_languages":["fr","eo"],"languages":{"fr":{"title":true,"content":true,"excerpt":false},"eo":{"title":true,"content":true,"excerpt":false}}},"aioseo_notices":[],"_links":{"self":[{"href":"https:\/\/esperanto-gironde.fr\/eo\/wp-json\/wp\/v2\/pages\/11","targetHints":{"allow":["GET"]}}],"collection":[{"href":"https:\/\/esperanto-gironde.fr\/eo\/wp-json\/wp\/v2\/pages"}],"about":[{"href":"https:\/\/esperanto-gironde.fr\/eo\/wp-json\/wp\/v2\/types\/page"}],"author":[{"embeddable":true,"href":"https:\/\/esperanto-gironde.fr\/eo\/wp-json\/wp\/v2\/users\/3"}],"replies":[{"embeddable":true,"href":"https:\/\/esperanto-gironde.fr\/eo\/wp-json\/wp\/v2\/comments?post=11"}],"version-history":[{"count":154,"href":"https:\/\/esperanto-gironde.fr\/eo\/wp-json\/wp\/v2\/pages\/11\/revisions"}],"predecessor-version":[{"id":4424,"href":"https:\/\/esperanto-gironde.fr\/eo\/wp-json\/wp\/v2\/pages\/11\/revisions\/4424"}],"wp:featuredmedia":[{"embeddable":true,"href":"https:\/\/esperanto-gironde.fr\/eo\/wp-json\/wp\/v2\/media\/274"}],"wp:attachment":[{"href":"https:\/\/esperanto-gironde.fr\/eo\/wp-json\/wp\/v2\/media?parent=11"}],"curies":[{"name":"wp","href":"https:\/\/api.w.org\/{rel}","templated":true}]}}