{"id":2915,"date":"2023-12-22T14:55:18","date_gmt":"2023-12-22T13:55:18","guid":{"rendered":"https:\/\/esperanto-gironde.fr\/?page_id=2915"},"modified":"2024-01-22T19:12:34","modified_gmt":"2024-01-22T18:12:34","slug":"qui-le-parle","status":"publish","type":"page","link":"https:\/\/esperanto-gironde.fr\/eo\/qui-le-parle\/","title":{"rendered":"Qui le parle ?"},"content":{"rendered":"\n<p>Il est difficile d&#8217;estimer pr\u00e9cis\u00e9ment le nombre de locuteurs esp\u00e9rantophones dans le monde, car il n&#8217;existe pas de donn\u00e9es officielles et la communaut\u00e9 est dispers\u00e9e. Cependant, on estime que des centaines de milliers, voire des millions de personnes, ont au moins des connaissances basiques en Esp\u00e9ranto, et un nombre significatif d&#8217;entre elles sont des locuteurs comp\u00e9tents.<\/p>\n\n\n\n<p>En ce qui concerne les principaux pays esp\u00e9rantophones, voici quelques r\u00e9gions (entre autres) o\u00f9 la pratique de l&#8217;Esp\u00e9ranto est relativement forte :<\/p>\n\n\n\n<ol class=\"wp-block-list\">\n<li><strong>Europe :<\/strong>\n<ul class=\"wp-block-list\">\n<li>La plupart des esp\u00e9rantophones se trouvent en Europe, o\u00f9 l&#8217;Esp\u00e9ranto a \u00e9t\u00e9 largement promu depuis ses d\u00e9buts. Des pays comme la Pologne, la France, l&#8217;Allemagne et la Hongrie ont des communaut\u00e9s actives.<\/li>\n<\/ul>\n<\/li>\n\n\n\n<li><strong>Asie :<\/strong>\n<ul class=\"wp-block-list\">\n<li>Des pays asiatiques comme la Chine et le Japon ont \u00e9galement des communaut\u00e9s esp\u00e9rantophones en croissance, souvent gr\u00e2ce \u00e0 des initiatives \u00e9ducatives.<\/li>\n<\/ul>\n<\/li>\n\n\n\n<li><strong>Br\u00e9sil :<\/strong>\n<ul class=\"wp-block-list\">\n<li>Le Br\u00e9sil est connu pour avoir une communaut\u00e9 esp\u00e9rantophone dynamique, avec un grand nombre d&#8217;esp\u00e9rantophones actifs et des \u00e9v\u00e9nements r\u00e9guliers.<\/li>\n<\/ul>\n<\/li>\n\n\n\n<li><strong>\u00c9tats-Unis :<\/strong>\n<ul class=\"wp-block-list\">\n<li>Bien que l&#8217;Esp\u00e9ranto ne soit pas aussi r\u00e9pandu aux \u00c9tats-Unis, il existe une communaut\u00e9 active avec des \u00e9v\u00e9nements nationaux et locaux.<\/li>\n<\/ul>\n<\/li>\n<\/ol>\n\n\n\n<p>Il est important de noter que la communaut\u00e9 esp\u00e9rantophone est internationale, et des esp\u00e9rantophones se trouvent dans de nombreux autres pays \u00e0 travers le monde. Les r\u00e9seaux sociaux, les \u00e9v\u00e9nements internationaux et les initiatives \u00e9ducatives contribuent \u00e0 maintenir et \u00e0 d\u00e9velopper cette communaut\u00e9 mondiale.<\/p>\n\n\n\n<p><br>D&#8217;apr\u00e8s Wikip\u00e9dia\u00a0:<\/p>\n\n\n\n<ul class=\"wp-block-list\">\n<li>1&nbsp;000&nbsp;personnes ont l&#8217;esp\u00e9ranto comme langue maternelle (esp\u00e9rantophones natifs)&nbsp;;<\/li>\n\n\n\n<li>10&nbsp;000&nbsp;personnes parlent l&#8217;esp\u00e9ranto avec un niveau proche d&#8217;une langue maternelle&nbsp;;<\/li>\n\n\n\n<li>100&nbsp;000&nbsp;personnes parlent couramment l&#8217;esp\u00e9ranto&nbsp;;<\/li>\n\n\n\n<li>1&nbsp;000&nbsp;000&nbsp;personnes comprennent l&#8217;esp\u00e9ranto et le parlent de fa\u00e7on occasionnelle&nbsp;;<\/li>\n\n\n\n<li>10&nbsp;000&nbsp;000&nbsp;personnes ont plus ou moins \u00e9tudi\u00e9 l\u2019esp\u00e9ranto au cours de leur vie.<\/li>\n<\/ul>\n\n\n\n<p>En juin 2023, environ 330&nbsp;000&nbsp;personnes sont inscrites au cours d&#8217;esp\u00e9ranto sur l&#8217;application Duolingo \u00e0 partir de l&#8217;anglais, fran\u00e7ais, portugais et espagnol.<\/p>\n","protected":false},"excerpt":{"rendered":"<p>Il est difficile d&#8217;estimer pr\u00e9cis\u00e9ment le nombre de locuteurs esp\u00e9rantophones dans le monde, car il n&#8217;existe pas de donn\u00e9es officielles et la communaut\u00e9 est dispers\u00e9e. Cependant, on estime que des centaines de milliers, voire des millions de personnes, ont au moins des connaissances basiques en Esp\u00e9ranto, et un nombre significatif d&#8217;entre elles sont des locuteurs &hellip; <\/p>\n<p class=\"link-more\"><a href=\"https:\/\/esperanto-gironde.fr\/eo\/qui-le-parle\/\" class=\"more-link\">Da\u016drigi legadon<span class=\"screen-reader-text\"> &#8220;Qui le parle ?&#8221;<\/span><\/a><\/p>\n","protected":false},"author":6,"featured_media":3060,"parent":0,"menu_order":0,"comment_status":"closed","ping_status":"closed","template":"","meta":{"footnotes":""},"class_list":["post-2915","page","type-page","status-publish","has-post-thumbnail","hentry"],"translation":{"provider":"WPGlobus","version":"3.0.2","language":"eo","enabled_languages":["fr","eo"],"languages":{"fr":{"title":true,"content":true,"excerpt":false},"eo":{"title":false,"content":false,"excerpt":false}}},"aioseo_notices":[],"_links":{"self":[{"href":"https:\/\/esperanto-gironde.fr\/eo\/wp-json\/wp\/v2\/pages\/2915","targetHints":{"allow":["GET"]}}],"collection":[{"href":"https:\/\/esperanto-gironde.fr\/eo\/wp-json\/wp\/v2\/pages"}],"about":[{"href":"https:\/\/esperanto-gironde.fr\/eo\/wp-json\/wp\/v2\/types\/page"}],"author":[{"embeddable":true,"href":"https:\/\/esperanto-gironde.fr\/eo\/wp-json\/wp\/v2\/users\/6"}],"replies":[{"embeddable":true,"href":"https:\/\/esperanto-gironde.fr\/eo\/wp-json\/wp\/v2\/comments?post=2915"}],"version-history":[{"count":4,"href":"https:\/\/esperanto-gironde.fr\/eo\/wp-json\/wp\/v2\/pages\/2915\/revisions"}],"predecessor-version":[{"id":3091,"href":"https:\/\/esperanto-gironde.fr\/eo\/wp-json\/wp\/v2\/pages\/2915\/revisions\/3091"}],"wp:featuredmedia":[{"embeddable":true,"href":"https:\/\/esperanto-gironde.fr\/eo\/wp-json\/wp\/v2\/media\/3060"}],"wp:attachment":[{"href":"https:\/\/esperanto-gironde.fr\/eo\/wp-json\/wp\/v2\/media?parent=2915"}],"curies":[{"name":"wp","href":"https:\/\/api.w.org\/{rel}","templated":true}]}}