{"id":417,"date":"2019-05-05T11:17:19","date_gmt":"2019-05-05T09:17:19","guid":{"rendered":"https:\/\/esperanto-gironde.fr\/?page_id=417"},"modified":"2023-04-26T03:02:20","modified_gmt":"2023-04-26T01:02:20","slug":"liens-interessants","status":"publish","type":"page","link":"https:\/\/esperanto-gironde.fr\/eo\/liens-interessants\/","title":{"rendered":"Prezentinda\u0135oj"},"content":{"rendered":"<p><img decoding=\"async\" class=\"aligncenter\" src=\"https:\/\/esperanto-gironde.fr\/wp-content\/uploads\/2019\/05\/interligne_page-300x31.jpg\"><\/p>\n<p>Kian lingvon vi devas lerni ( 26a Sept 2022) (fr) :&nbsp;<a href=\"https:\/\/www.youtube.com\/watch?v=JZfgfSOvmaI\">https:\/\/www.youtube.com\/watch?v=JZfgfSOvmaI<\/a><\/p>\n<p><img decoding=\"async\" class=\"aligncenter\" src=\"https:\/\/esperanto-gironde.fr\/wp-content\/uploads\/2019\/05\/interligne_page-300x31.jpg\"><\/p>\n<p>107-a Internacia Esperanto-Kongreso elstaras indi\u011denajn lingvojn en Montrealo :&nbsp;<a href=\"https:\/\/www.lapresse.ca\/actualites\/grand-montreal\/2022-08-06\/congres-mondial-d-esperanto\/la-107e-edition-met-en-vedette-les-langues-autochtones-a-montreal.php\">https:\/\/www.lapresse.ca\/actualites\/grand-montreal\/2022-08-06\/congres-mondial-d-esperanto\/la-107e-edition-met-en-vedette-les-langues-autochtones-a-montreal.php<\/a><\/p>\n<p><img decoding=\"async\" class=\"aligncenter\" src=\"https:\/\/esperanto-gironde.fr\/wp-content\/uploads\/2019\/05\/interligne_page-300x31.jpg\"><\/p>\n<p>Biografi(et)o de Zamenhof :&nbsp;<a href=\"https:\/\/zamenhof.info\/eo\/biografio\">https:\/\/zamenhof.info\/eo\/biografio<\/a><\/p>\n<p><img decoding=\"async\" class=\"aligncenter\" src=\"https:\/\/esperanto-gironde.fr\/wp-content\/uploads\/2019\/05\/interligne_page-300x31.jpg\"><\/p>\n<p>Tolstoi : :&nbsp;<a href=\"https:\/\/www.huffingtonpost.fr\/actualites\/article\/tolstoi-a-appris-a-lire-l-esperanto-en-moins-de-deux-heures-et-c-est-a-la-portee-de-tout-le-monde_98365.html\">https:\/\/www.huffingtonpost.fr\/actualites\/article\/tolstoi-a-appris-a-lire-l-esperanto-en-moins-de-deux-heures-et-c-est-a-la-portee-de-tout-le-monde_98365.html<\/a><\/p>\n<p><img decoding=\"async\" class=\"aligncenter\" src=\"https:\/\/esperanto-gironde.fr\/wp-content\/uploads\/2019\/05\/interligne_page-300x31.jpg\"><\/p>\n<p>La esperantistoj dum la hispana enlanda milito :&nbsp;&nbsp;<a href=\"http:\/\/www.delbarrio.eu\/eo.htm\">http:\/\/www.delbarrio.eu\/eo.htm<\/a><\/p>\n<p><img decoding=\"async\" class=\"aligncenter\" src=\"https:\/\/esperanto-gironde.fr\/wp-content\/uploads\/2019\/05\/interligne_page-300x31.jpg\"><\/p>\n<p>Kvinpetalo estas la sta\u011dejo, kulturcentro kaj studocentro de&nbsp;<strong>Societo Yvonne Martinot<\/strong>&nbsp;(<strong>SYM<\/strong>). \u011ci estis fondita en 1985. :&nbsp;<a href=\"http:\/\/www.kvinpetalo.org\/spip.php?rubrique4\">http:\/\/www.kvinpetalo.org\/spip.php?rubrique4<\/a><\/p>\n<p><img decoding=\"async\" class=\"aligncenter\" src=\"https:\/\/esperanto-gironde.fr\/wp-content\/uploads\/2019\/05\/interligne_page-300x31.jpg\"><\/p>\n<p><em>Lernu<\/em>! estas plurlingva pa\u011daro, kiu celas helpi al retemuloj informi\u011di kaj lerni la internacian lingvon Esperanto, senpage kaj en facila maniero :&nbsp;&nbsp;<a href=\"https:\/\/lernu.net\/fr\">lernu.net<\/a><\/p>\n<p><img decoding=\"async\" class=\"aligncenter\" src=\"https:\/\/esperanto-gironde.fr\/wp-content\/uploads\/2019\/05\/interligne_page-300x31.jpg\"><\/p>\n<p>Esp\u00e9ranto en Bretonio&nbsp; : <a href=\"https:\/\/bretonio.esperanto-france.org\/?lang=fr\">https:\/\/bretonio.esperanto-france.org\/?lang=fr<\/a><\/p>\n<p><img decoding=\"async\" class=\"aligncenter\" src=\"https:\/\/esperanto-gironde.fr\/wp-content\/uploads\/2019\/05\/interligne_page-300x31.jpg\"><\/p>\n<p>Vortaro de PIV 2020&nbsp; (Plena Ilustrita Vortaro de Esperanto )&nbsp; :&nbsp;&nbsp;&nbsp;<a href=\"https:\/\/vortaro.net\/\">https:\/\/vortaro.net\/<\/a><\/p>\n<p><img decoding=\"async\" class=\"aligncenter\" src=\"https:\/\/esperanto-gironde.fr\/wp-content\/uploads\/2019\/05\/interligne_page-300x31.jpg\"><\/p>\n<p>De Svisa lando : <a href=\"https:\/\/svisa-esperanto-societo.ch\/fr\/\">https:\/\/svisa-esperanto-societo.ch\/fr\/<\/a><\/p>\n<p><img decoding=\"async\" class=\"aligncenter\" src=\"https:\/\/esperanto-gironde.fr\/wp-content\/uploads\/2019\/05\/interligne_page-300x31.jpg\"><\/p>\n<p>Akademio de Esperanto :&nbsp;&nbsp;<a href=\"https:\/\/www.akademio-de-esperanto.org\/\">Akademio de Esperanto (akademio-de-esperanto.org)<\/a><\/p>\n<p><img decoding=\"async\" class=\"aligncenter\" src=\"https:\/\/esperanto-gironde.fr\/wp-content\/uploads\/2019\/05\/interligne_page-300x31.jpg\"><\/p>\n<p><a href=\"https:\/\/eo.globalvoices.org\/-\/world\/western-europe,eastern-central-europe\/\">https:\/\/eo.globalvoices.org\/-\/world\/western-europe,eastern-central-europe\/<\/a><\/p>\n<p><img decoding=\"async\" class=\"aligncenter\" src=\"https:\/\/esperanto-gironde.fr\/wp-content\/uploads\/2019\/05\/interligne_page-300x31.jpg\"><\/p>\n<p>Bildoj de Esperanta Grammatikero :&nbsp;<a href=\"http:\/\/gramatikero.blogspot.com\/\">http:\/grammatikero.blogspot.com\/<\/a><\/p>\n<p><img decoding=\"async\" class=\"aligncenter\" src=\"https:\/\/esperanto-gironde.fr\/wp-content\/uploads\/2019\/05\/interligne_page-300x31.jpg\"><\/p>\n<p>Vikipedio :&nbsp; <a href=\"https:\/\/eo.wikipedia.org\/wiki\/Vikipedio:\u0108efpa\u011do\">https:\/\/eo.wikipedia.org\/wiki\/Vikipedio:\u0108efpa\u011do<\/a><\/p>\n<p><img decoding=\"async\" class=\"aligncenter\" src=\"https:\/\/esperanto-gironde.fr\/wp-content\/uploads\/2019\/05\/interligne_page-300x31.jpg\"><\/p>\n<p>Le Monde diplomatique :&nbsp;<a href=\"https:\/\/eo.mondediplo.com\/\">https:\/\/eo.mondediplo.com\/<\/a><\/p>\n<p><img decoding=\"async\" class=\"aligncenter\" src=\"https:\/\/esperanto-gironde.fr\/wp-content\/uploads\/2019\/05\/interligne_page-300x31.jpg\"><\/p>\n<p>Japana Esperanto Instituo :&nbsp;&nbsp;<a href=\"https:\/\/www.jei.or.jp\/eo\/\">Japana Esperanto-Instituto (jei.or.jp)<\/a><\/p>\n<p><img decoding=\"async\" class=\"aligncenter\" src=\"https:\/\/esperanto-gironde.fr\/wp-content\/uploads\/2019\/05\/interligne_page-300x31.jpg\"><\/p>\n<p>Pola Ret-Radio&nbsp; :&nbsp;<a href=\"http:\/\/pola-retradio.org\/\">http:\/\/pola-retradio.org\/<\/a><\/p>\n<p><img decoding=\"async\" class=\"aligncenter\" src=\"https:\/\/esperanto-gironde.fr\/wp-content\/uploads\/2019\/05\/interligne_page-300x31.jpg\">La Aventuroj de Alicio en Mirlando :&nbsp;&nbsp;<a href=\"http:\/\/fr.bilinguis.com\/book\/alice\/eo\/fr\/\">http:\/\/fr.bilinguis.com\/book\/alice\/eo\/fr\/<\/a><\/p>\n<p><iframe loading=\"lazy\" title=\"[Sonlibro] La Aventuroj de Alicio en Mirlando 03 (Esperanto)\" width=\"525\" height=\"295\" src=\"https:\/\/www.youtube.com\/embed\/0Jl_OrXEIUY?feature=oembed\" frameborder=\"0\" allow=\"accelerometer; autoplay; clipboard-write; encrypted-media; gyroscope; picture-in-picture; web-share\" referrerpolicy=\"strict-origin-when-cross-origin\" allowfullscreen><\/iframe><\/p>\n<p><img decoding=\"async\" class=\"aligncenter\" src=\"https:\/\/esperanto-gironde.fr\/wp-content\/uploads\/2019\/05\/interligne_page-300x31.jpg\"><\/p>\n<p><b><span lang=\"EN-US\">Ligo internacia de blindaj esperantistoj&nbsp; :&nbsp;<\/span><\/b> :&nbsp;&nbsp;<a href=\"https:\/\/www.libe.slikom.info\/\">https:\/\/www.libe.slikom.info\/<\/a><\/p>\n<p><img decoding=\"async\" class=\"aligncenter\" src=\"https:\/\/esperanto-gironde.fr\/wp-content\/uploads\/2019\/05\/interligne_page-300x31.jpg\"><\/p>\n<p>La fama gastiga servo por esperantistoj<\/p>\n<p>:&nbsp;&nbsp;<a href=\"https:\/\/www.pasportaservo.org\/\">https:\/\/www.pasportaservo.org\/<\/a><\/p>\n<p><img decoding=\"async\" class=\"aligncenter\" src=\"https:\/\/esperanto-gironde.fr\/wp-content\/uploads\/2019\/05\/interligne_page-300x31.jpg\"><\/p>\n<p>Elektronikaj esperantolibroj :&nbsp;<strong><em>Mondial<\/em>&nbsp;<\/strong>&nbsp;estas unu el la gvidaj eldonejoj de literaturo en Esperanto. La Esperanto-libroj estas plej diverstemaj:&nbsp;&nbsp;<a style=\"font-size: 1rem; color: #000000;\" href=\"http:\/\/bitlibroj.com\/\">http:\/\/bitlibroj.com\/<\/a><\/p>\n<ul>\n<li>originala Esperanto-literaturo (originala prozo, originala poezio)<\/li>\n<li>literaturo tradukita al Esperanto<\/li>\n<li>faka literaturo originala kaj tradukita<\/li>\n<\/ul>\n<p><iframe loading=\"lazy\" title=\"TAGO 2 | BITLIBROJ\" width=\"525\" height=\"295\" src=\"https:\/\/www.youtube.com\/embed\/vN6UxLjigLk?feature=oembed\" frameborder=\"0\" allow=\"accelerometer; autoplay; clipboard-write; encrypted-media; gyroscope; picture-in-picture; web-share\" referrerpolicy=\"strict-origin-when-cross-origin\" allowfullscreen><\/iframe><\/p>\n<p><img decoding=\"async\" class=\"aligncenter\" src=\"https:\/\/esperanto-gironde.fr\/wp-content\/uploads\/2019\/05\/interligne_page-300x31.jpg\"><\/p>\n<p>Kiam Esperanto revis esti lingvo Ru\u011da Kruco &#8211; Humanitara helpo en \u0109iuj \u011diaj formoj (icrc.org) :&nbsp; &nbsp; &nbsp;<a href=\"https:\/\/blogs.icrc.org\/hdtse\/2020\/07\/29\/quand-l-esperanto-se-revait-langue-croix-rouge\/\">icrc.org<\/a><\/p>\n<p><img decoding=\"async\" class=\"aligncenter\" src=\"https:\/\/esperanto-gironde.fr\/wp-content\/uploads\/2019\/05\/interligne_page-300x31.jpg\"><\/p>\n<p><a href=\"http:\/\/esperanto-chicago.org\/\" rel=\"home\">La esperanto-societo de \u0108ikago <\/a>&nbsp; :&nbsp;<a href=\"http:\/\/esperanto-chicago.org\/\">http:\/\/ esperanto-chicago.org\/<\/a><\/p>\n<p><img decoding=\"async\" class=\"aligncenter\" src=\"https:\/\/esperanto-gironde.fr\/wp-content\/uploads\/2019\/05\/interligne_page-300x31.jpg\"><\/p>\n<p>Komputeko (mallongigo de prikomputila terminokolekto) estas interreta projekto, kiu celas listigi komputilajn vortojn en kiel eble plej multaj lingvoj, por stimuli la uzadon de \u011duste tradukitaj terminoj :&nbsp;<a href=\"https:\/\/komputeko.net\/#!b\">https:\/\/komputeko.net\/#!b<\/a><\/p>\n<p><img decoding=\"async\" class=\"aligncenter\" src=\"https:\/\/esperanto-gironde.fr\/wp-content\/uploads\/2019\/05\/interligne_page-300x31.jpg\"><\/p>\n<p><span style=\"font-size: 1rem;\">En 1907, \u0109e la Kembri\u011da Kongreso, D-ro Major&nbsp; diris : &#8220;mi \u0135us atestis la miraklon de Pentekosto, la donaco de lingvoj donita al la plej humilaj&#8221;.<\/span><a href=\"https:\/\/www.persee.fr\/doc\/linly_1160-641x_1911_num_30_1_12635\">https:\/\/www.persee.fr\/doc\/linly_1160-641x_1911_num_30_1_12635<\/a><\/p>\n<p><img decoding=\"async\" class=\"aligncenter\" src=\"https:\/\/esperanto-gironde.fr\/wp-content\/uploads\/2019\/05\/interligne_page-300x31.jpg\"><\/p>\n<p>Iuj esperantaj ludaj retejoj :<\/p>\n<p style=\"text-align: center;\"><a href=\"http:\/\/ludoj.neowordpress.fr\/\">http:\/\/ludoj.neowordpress.fr\/<\/a><\/p>\n<p style=\"text-align: center;\"><a href=\"http:\/\/mpovorin.narod.ru\/ludoj\/ludoj.html\">http:\/\/mpovorin.narod.ru\/ludoj\/ludoj.html<\/a><\/p>\n<p style=\"text-align: center;\"><a href=\"http:\/\/esperanto-gep.asso.fr\/eo-ludoj.html\">http:\/\/esperanto-gep.asso.fr\/eo-ludoj.html<\/a><\/p>\n<p style=\"text-align: center;\"><img loading=\"lazy\" decoding=\"async\" class=\"size-medium wp-image-711 aligncenter\" src=\"https:\/\/esperanto-gironde.fr\/wp-content\/uploads\/2021\/05\/metamorfozo-300x36.jpg\" alt=\"\" width=\"300\" height=\"36\" srcset=\"https:\/\/esperanto-gironde.fr\/wp-content\/uploads\/2021\/05\/metamorfozo-300x36.jpg 300w, https:\/\/esperanto-gironde.fr\/wp-content\/uploads\/2021\/05\/metamorfozo-768x93.jpg 768w, https:\/\/esperanto-gironde.fr\/wp-content\/uploads\/2021\/05\/metamorfozo.jpg 800w\" sizes=\"auto, (max-width: 300px) 100vw, 300px\" \/><\/p>\n<p style=\"text-align: center;\"><a href=\"http:\/\/metamorfozo.blogspot.com\">http:\/\/metamorfozo.blogspot.com<\/a><\/p>\n<p>&nbsp;<\/p>\n<p><img decoding=\"async\" class=\"aligncenter\" src=\"https:\/\/esperanto-gironde.fr\/wp-content\/uploads\/2019\/05\/interligne_page-300x31.jpg\"><\/p>\n<p><img loading=\"lazy\" decoding=\"async\" class=\"size-medium wp-image-706 aligncenter\" src=\"https:\/\/esperanto-gironde.fr\/wp-content\/uploads\/2021\/05\/Globse-300x90.jpg\" alt=\"\" width=\"300\" height=\"90\" srcset=\"https:\/\/esperanto-gironde.fr\/wp-content\/uploads\/2021\/05\/Globse-300x90.jpg 300w, https:\/\/esperanto-gironde.fr\/wp-content\/uploads\/2021\/05\/Globse.jpg 389w\" sizes=\"auto, (max-width: 300px) 100vw, 300px\" \/><\/p>\n<p>Partoprena interreta tradukilo kun preska\u016d 100.000 frazoj kaj pli ol 666.000 ekzemploj :&nbsp;<a href=\"https:\/\/fr.glosbe.com\/eo\/fr\">https:\/\/fr.glosbe.com\/eo\/fr<\/a><img decoding=\"async\" class=\"aligncenter\" src=\"https:\/\/esperanto-gironde.fr\/wp-content\/uploads\/2019\/05\/interligne_page-300x31.jpg\"><\/p>\n<p><img loading=\"lazy\" decoding=\"async\" class=\"size-medium wp-image-699 aligncenter\" src=\"https:\/\/esperanto-gironde.fr\/wp-content\/uploads\/2021\/05\/Scivolemo-300x184.jpg\" alt=\"\" width=\"300\" height=\"184\" srcset=\"https:\/\/esperanto-gironde.fr\/wp-content\/uploads\/2021\/05\/Scivolemo-300x184.jpg 300w, https:\/\/esperanto-gironde.fr\/wp-content\/uploads\/2021\/05\/Scivolemo.jpg 347w\" sizes=\"auto, (max-width: 300px) 100vw, 300px\" \/><\/p>\n<p>Scienca blogo en Esperanto. &#8230; La \u0109efa celo de Scivolemo estas igi homojn interesitaj pri scienco kaj krei bonan Esperantan enhavon :&nbsp;&nbsp;<a href=\"https:\/\/scivolemo.wordpress.com\/\">https:\/\/scivolemo.wordpress.com\/<\/a><\/p>\n<p><span style=\"font-size: 1rem;\">Kaj&nbsp; vizitu la&nbsp;<a href=\"https:\/\/www.youtube.com\/Scivolemo\"><strong>Youtube-kanalo<\/strong><\/a>&nbsp;de Scivolemo&nbsp;<\/span><\/p>\n<p><img decoding=\"async\" class=\"aligncenter\" src=\"https:\/\/esperanto-gironde.fr\/wp-content\/uploads\/2019\/05\/interligne_page-300x31.jpg\"><\/p>\n<p><img loading=\"lazy\" decoding=\"async\" class=\"alignleft\" src=\"https:\/\/www.krokodilo.de\/images\/kroko_sp.gif\" alt=\"krokodilo\" width=\"108\" height=\"85\"><\/p>\n<p>&nbsp;<\/p>\n<p><img decoding=\"async\" src=\"https:\/\/www.krokodilo.de\/images\/zagolovok_.gif\" alt=\"verda krokodilo\"><\/p>\n<p>Jen Blogo de Esperanto-renkontigxoj MeLa, KoKoLoRES kaj BARo. kun aliaj temoj : Fotos, Vortaro, Amuza\u0135oj, &#8230; Krokodilo&#8230;.<\/p>\n<p><a href=\"https:\/\/www.krokodilo.de\/vortaro\/index.php\">https:\/\/www.krokodilo.de\/vortaro\/index.php<\/a><\/p>\n<p>Kaj filmetoj :&nbsp; <a href=\"http:\/\/www.youtube.com\/user\/espandi\/videos\">YouTube Kanalo de Andi<\/a><\/p>\n<p><img decoding=\"async\" class=\"aligncenter\" src=\"https:\/\/esperanto-gironde.fr\/wp-content\/uploads\/2019\/05\/interligne_page-300x31.jpg\"><\/p>\n<p>Kursosaluton estas memlernita libro de Audrey Childs-Mee, eldonita de UEA en 1983. por lerni Esperanton per bildoj.<\/p>\n<p><a href=\"http:\/\/www.kursosaluton.org\/\">http:\/\/www.kursosaluton.org\/<\/a><\/p>\n<p><img decoding=\"async\" class=\"aligncenter\" src=\"https:\/\/esperanto-gironde.fr\/wp-content\/uploads\/2019\/05\/interligne_page-300x31.jpg\"><\/p>\n<p style=\"text-align: center;\">Radio Havano Kubo<br \/>\nAmika vo\u0109o kiu trairas la mondon<\/p>\n<p>RHC&nbsp;(hispanlingve&nbsp;Radio Habana Cuba) estas oficiala radio de Havano , \u0109efurbo de Kubo &nbsp;RHC elsendas per mallongaj ondoj internacian nova\u0135ojn pri Kubo kaj la tuta mondo en na\u016d &nbsp;lingvoj: hispana, angla, franca,\u2026. Kaj &nbsp;Esperanto.<\/p>\n<p style=\"text-align: center;\"><a href=\"https:\/\/www.radiohc.cu\/eo\">https:\/\/www.radiohc.cu\/eo<\/a><\/p>\n<p><img decoding=\"async\" class=\"aligncenter\" src=\"https:\/\/esperanto-gironde.fr\/wp-content\/uploads\/2019\/05\/interligne_page-300x31.jpg\"><\/p>\n<p style=\"text-align: center;\">Feli\u0109an paskon 2021<\/p>\n<p><img loading=\"lazy\" decoding=\"async\" class=\"size-full wp-image-672 aligncenter\" src=\"https:\/\/esperanto-gironde.fr\/wp-content\/uploads\/2021\/04\/pasko.jpg\" alt=\"\" width=\"210\" height=\"240\"><\/p>\n<p>IKUE: Oficiala pa\u011do de Internacia Katolika Unui\u011do Esperantista&nbsp; :&nbsp;&nbsp;<a href=\"http:\/\/www.ikue.org\/\">http:\/\/www.ikue.org\/<\/a><\/p>\n<p><img loading=\"lazy\" decoding=\"async\" class=\"size-medium wp-image-673 aligncenter\" src=\"https:\/\/esperanto-gironde.fr\/wp-content\/uploads\/2021\/04\/pascoa-300x161.jpg\" alt=\"\" width=\"300\" height=\"161\" srcset=\"https:\/\/esperanto-gironde.fr\/wp-content\/uploads\/2021\/04\/pascoa-300x161.jpg 300w, https:\/\/esperanto-gironde.fr\/wp-content\/uploads\/2021\/04\/pascoa.jpg 580w\" sizes=\"auto, (max-width: 300px) 100vw, 300px\" \/><\/p>\n<p style=\"text-align: center;\"><a href=\"http:\/\/esperantoilustrita.blogspot.com\/2015\/04\/felican-paskon.html\">http:\/\/esperantoilustrita.blogspot.com\/2015\/04\/felican-paskon.html<\/a><\/p>\n<p><img decoding=\"async\" class=\"aligncenter\" src=\"https:\/\/esperanto-gironde.fr\/wp-content\/uploads\/2019\/05\/interligne_page-300x31.jpg\"><\/p>\n<p>Malkovru la retejon de la esperantistoj \u0109e la fino de la mondo, en Nov-Zelando: la maorioj, iliaj sennombraj birdoj &#8230;.<\/p>\n<p><a href=\"https:\/\/www.esperanto.org.nz\/\" target=\"_top\" rel=\"noopener\">Esperanto-Asocio de Nov Zelando<\/a><\/p>\n<p><img decoding=\"async\" class=\"aligncenter\" src=\"https:\/\/esperanto-gironde.fr\/wp-content\/uploads\/2019\/05\/interligne_page-300x31.jpg\"><\/p>\n<p>Plena Manlibro de Esperanta gramatiko de Bertilo (PMEG) :&nbsp;&nbsp;<a href=\"https:\/\/bertilow.com\/index.html\">https:\/\/bertilow.com\/index.html<\/a><\/p>\n<p><img decoding=\"async\" class=\"aligncenter\" src=\"https:\/\/esperanto-gironde.fr\/wp-content\/uploads\/2019\/05\/interligne_page-300x31.jpg\"><\/p>\n<p>Ludoj kaj ekzercoj en la retejo de&nbsp;la Perigorda Esperanto-grupo :&nbsp; <a href=\"http:\/\/esperanto-gep.asso.fr\/eo-ludoj.html\">http:\/\/esperanto-gep.asso.fr\/eo-ludoj.html<\/a><\/p>\n<p><img loading=\"lazy\" decoding=\"async\" class=\"size-medium wp-image-439 aligncenter\" src=\"https:\/\/esperanto-gironde.fr\/wp-content\/uploads\/2019\/05\/interligne_page-300x31.jpg\" alt=\"\" width=\"300\" height=\"31\"><\/p>\n<p style=\"text-align: center;\"><strong>INKO<\/strong><\/p>\n<p>208 elektronikaj esperanto-libroj estas eldonitaj de Inko Eldonejo de Franko Luin.<\/p>\n<p><a href=\"http:\/\/esperanto.davidgsimpson.com\/inko\/inko.html\">http:\/\/esperanto.davidgsimpson.com\/inko\/inko.html&nbsp;<\/a><\/p>\n<p><img loading=\"lazy\" decoding=\"async\" class=\"size-medium wp-image-439 aligncenter\" src=\"https:\/\/esperanto-gironde.fr\/wp-content\/uploads\/2019\/05\/interligne_page-300x31.jpg\" alt=\"\" width=\"300\" height=\"31\"><\/p>\n<p style=\"text-align: center;\">Brazila kolekto de prezento de la Eta Princo havebla en pluraj naciaj kaj anka\u016d artefaritaj lingvoj: Esperanto, Volapuk, Klingona &#8230;&#8230; &#8211; anka\u016d vizitu la arkivojn &#8211; teksto en la portugala, sed ebla en la franca, en Esperanto de la Google-tradukilo (dekstre alklaku kaj traduku) :&nbsp;<a href=\"http:\/\/pequenopricipe.blogspot.com\/\">http:\/\/pequenopricipe.blogspot.com\/<\/a><\/p>\n<p><img loading=\"lazy\" decoding=\"async\" class=\"size-medium wp-image-647 aligncenter\" src=\"https:\/\/esperanto-gironde.fr\/wp-content\/uploads\/2021\/03\/Petit-prince-233x300.jpg\" alt=\"\" width=\"233\" height=\"300\" srcset=\"https:\/\/esperanto-gironde.fr\/wp-content\/uploads\/2021\/03\/Petit-prince-233x300.jpg 233w, https:\/\/esperanto-gironde.fr\/wp-content\/uploads\/2021\/03\/Petit-prince.jpg 248w\" sizes=\"auto, (max-width: 233px) 100vw, 233px\" \/><\/p>\n<p><img loading=\"lazy\" decoding=\"async\" class=\"size-medium wp-image-439 aligncenter\" src=\"https:\/\/esperanto-gironde.fr\/wp-content\/uploads\/2019\/05\/interligne_page-300x31.jpg\" alt=\"\" width=\"300\" height=\"31\"><\/p>\n<p>\u0108e Pinterest (ser\u0109u &#8220;migo-esperanto&#8221;)&nbsp; a\u016d en la interreto pli ol cent gramatikajn kaj vortprovizajn dosierojn produktitajn de Frederico Salmi. ( El\u015duteblaj dosieroj).<\/p>\n<p><a href=\"https:\/\/www.pinterest.se\/fredericosalmi\/migo-esperanto\/\">https:\/\/www.pinterest.se\/fredericosalmi\/migo-esperanto\/<\/a><\/p>\n<p><img loading=\"lazy\" decoding=\"async\" class=\" wp-image-642 aligncenter\" src=\"https:\/\/esperanto-gironde.fr\/wp-content\/uploads\/2021\/02\/46c7e281f429a58df85a8e7b5cc0a28f-300x225.jpg\" alt=\"\" width=\"387\" height=\"290\" srcset=\"https:\/\/esperanto-gironde.fr\/wp-content\/uploads\/2021\/02\/46c7e281f429a58df85a8e7b5cc0a28f-300x225.jpg 300w, https:\/\/esperanto-gironde.fr\/wp-content\/uploads\/2021\/02\/46c7e281f429a58df85a8e7b5cc0a28f.jpg 736w\" sizes=\"auto, (max-width: 387px) 100vw, 387px\" \/><\/p>\n<p><img loading=\"lazy\" decoding=\"async\" class=\"size-medium wp-image-439 aligncenter\" src=\"https:\/\/esperanto-gironde.fr\/wp-content\/uploads\/2019\/05\/interligne_page-300x31.jpg\" alt=\"\" width=\"300\" height=\"31\"><\/p>\n<p>2 blogoj de Claude Gacond, Svisa humanisto, Esperanto&nbsp; praktike :<\/p>\n<p>1 &#8211; <a href=\"https:\/\/www.esperanto-gacond.ch\/\">https:\/\/www.esperanto-gacond.ch\/<\/a><\/p>\n<p>2 &#8211; <a href=\"https:\/\/www.esperanto-gacond.ch\/Table-des-matieres-humanisme.html\">https:\/\/www.esperanto-gacond.ch\/Table-des-matieres-humanisme.html<\/a><\/p>\n<p><img loading=\"lazy\" decoding=\"async\" class=\"size-medium wp-image-439 aligncenter\" src=\"https:\/\/esperanto-gironde.fr\/wp-content\/uploads\/2019\/05\/interligne_page-300x31.jpg\" alt=\"\" width=\"300\" height=\"31\"><\/p>\n<p style=\"text-align: center;\">HAD\u00c8S estas multkultura revuo enfokusigita al E\u016dropo kaj la internacia merkato. \u011cia aparteco: estas dulingvo franca-esperanta. HAD\u00c8S tiel konsistigas esprimlokon de la diverseco de kulturoj, agmanieroj kaj vidpunktoj tra la mondo<\/p>\n<p style=\"text-align: center;\">&nbsp; &nbsp; &nbsp; &nbsp; &nbsp; &nbsp; &nbsp; &nbsp; &nbsp; &nbsp; &nbsp; &nbsp; &nbsp; :&nbsp;<a href=\"http:\/\/eo.hades-presse.com\/\">http:\/\/eo.hades-presse.com\/<\/a><\/p>\n<p><img loading=\"lazy\" decoding=\"async\" class=\"size-medium wp-image-439 aligncenter\" src=\"https:\/\/esperanto-gironde.fr\/wp-content\/uploads\/2019\/05\/interligne_page-300x31.jpg\" alt=\"\" width=\"300\" height=\"31\"><\/p>\n<p style=\"text-align: center;\">Reta Vortaro (&#8220;Interreta Vortaro&#8221;, ofte konata per la Esperanta mallonga formo ReVo) estas \u011deneraluzebla plurlingva Esperanta vortaro por la Interreto. \u0108iu el la kapvortoj de la vortaro estas difinita en Esperanto, kune kun aldonaj informoj, kiel ekzemplaj frazoj, por helpi distingi la subtilajn nuancojn de signifo, kiujn \u0109iu aparta vortformo povas havi.<\/p>\n<p><a href=\"http:\/\/www.reta-vortaro.de\/revo\/index-malnova.html\">http:\/\/www.reta-vortaro.de\/revo\/index-malnova.html<\/a><\/p>\n<p><img loading=\"lazy\" decoding=\"async\" class=\"size-medium wp-image-439 aligncenter\" style=\"font-size: 1rem;\" src=\"https:\/\/esperanto-gironde.fr\/wp-content\/uploads\/2019\/05\/interligne_page-300x31.jpg\" alt=\"\" width=\"300\" height=\"31\"><\/p>\n<p style=\"text-align: center;\">Multaj libroj en Esperanto en PDF-formato, por el\u015duti kaj legi: <a href=\"https:\/\/www.liberafolio.org\/\">https:\/\/www.liberafolio.org\/<\/a><\/p>\n<p>Nova\u0135oj en \u0109ina Esperanto-retejo: <a href=\"http:\/\/esperanto.cri.cn\/\">http:\/\/esperanto.cri.cn\/<\/a><br \/>\n<!--[endif]--><\/p>\n<p><img loading=\"lazy\" decoding=\"async\" class=\"size-medium wp-image-439 aligncenter\" style=\"font-size: 1rem;\" src=\"https:\/\/esperanto-gironde.fr\/wp-content\/uploads\/2019\/05\/interligne_page-300x31.jpg\" alt=\"\" width=\"300\" height=\"31\"><\/p>\n<p style=\"text-align: center;\">La Grin-Raporto -2005 , Studo por lingva politiko en E\u016dropo.<\/p>\n<p style=\"text-align: center;\">\u0108i tiu raporto traktas la temon de fremdlingva instruado kiel formo de publika politiko. Tri bazaj scenaroj: &#8220;tute-angla&#8221;, &#8220;plurlingveco&#8221; kaj&nbsp;&#8220;Esperanto&#8221;. [&#8230;]<\/p>\n<p style=\"text-align: center;\">En la retejo Esperanto-France, \u0109iuj utilaj ligoj en \u0109i tiu raporto: <a href=\"https:\/\/esperanto-france.org\/le-rapport-grin\">https:\/\/esperanto-france.org\/le-rapport-grin<\/a><\/p>\n<p><img loading=\"lazy\" decoding=\"async\" class=\"size-medium wp-image-439 aligncenter\" style=\"font-size: 1rem;\" src=\"https:\/\/esperanto-gironde.fr\/wp-content\/uploads\/2019\/05\/interligne_page-300x31.jpg\" alt=\"\" width=\"300\" height=\"31\"><\/p>\n<p style=\"text-align: center;\"><strong style=\"font-size: 1rem;\">La pioniroj de Esperanto:<\/strong><span style=\"font-size: 1rem;\">&nbsp;<\/span><\/p>\n<p style=\"text-align: center;\"><span class=\"JLqJ4b ChMk0b\" data-language-for-alternatives=\"eo\" data-language-to-translate-into=\"fr\" data-phrase-index=\"0\">https:\/\/pionirojdeesperanto.wordpress.com\/personoj\/<\/span><\/p>\n<p style=\"text-align: center;\"><span class=\"JLqJ4b ChMk0b\" data-language-for-alternatives=\"eo\" data-language-to-translate-into=\"fr\" data-phrase-index=\"2\">Tiuj kura\u011daj homoj, kiuj ebligis la vivon de la lingvo.<\/span> <span class=\"JLqJ4b ChMk0b\" data-language-for-alternatives=\"eo\" data-language-to-translate-into=\"fr\" data-phrase-index=\"3\">internacia, alfrontanta multajn obstaklojn, e\u0109 mokadon a\u016d malaprobon.<\/span> <span class=\"JLqJ4b ChMk0b\" data-language-for-alternatives=\"eo\" data-language-to-translate-into=\"fr\" data-phrase-index=\"4\">La komenco de la lingvo Esperanto certe ne estis facila.<\/span><\/p>\n<p style=\"text-align: center;\"><span class=\"JLqJ4b ChMk0b\" data-language-for-alternatives=\"eo\" data-language-to-translate-into=\"fr\" data-phrase-index=\"6\">Teksto de la retejo Lingovojo: https:\/\/lingvovojo.wordpress.com\/: (<a href=\"https:\/\/lingvovojo.wordpress.com\/2018\/03\/22\/gis-la-revido\/\">https:\/\/lingvovojo.wordpress.com\/2018\/03\/22\/gis-la-revido\/<\/a>)<\/span><\/p>\n<p>Ser\u0109u \u0109i tiun pionirojdeesperanto-retejon vi malkovros aliajn artikolojn, precipe pri grafologio &#8220;esplori la pasinton por anta\u016denrigardi&#8221;, la zamenhofan tagon kun Jutubo&nbsp; pri Zamenhof &#8230;&#8230;<\/p>\n<p style=\"text-align: center;\"><img loading=\"lazy\" decoding=\"async\" class=\"size-medium wp-image-439 aligncenter\" style=\"font-size: 1rem;\" src=\"https:\/\/esperanto-gironde.fr\/wp-content\/uploads\/2019\/05\/interligne_page-300x31.jpg\" alt=\"\" width=\"300\" height=\"31\"><\/p>\n<p style=\"text-align: center;\"><strong>EU-himno de Jomo<\/strong><br \/>\n<a href=\"http:\/\/e-d-e.fr\/IMG\/mp3\/odomix4leg.mp3\">http:\/\/e-d-e.fr\/IMG\/mp3\/odomix4leg.mp3<\/a><\/p>\n<p><a href=\"https:\/\/www.youtube.com\/watch?v=NRv0asAIwDU\"><img loading=\"lazy\" decoding=\"async\" class=\"size-medium wp-image-434 aligncenter\" src=\"https:\/\/esperanto-gironde.fr\/wp-content\/uploads\/2019\/05\/Logo-Hymne-Europeen-300x232.jpg\" alt=\"\" width=\"300\" height=\"232\" srcset=\"https:\/\/esperanto-gironde.fr\/wp-content\/uploads\/2019\/05\/Logo-Hymne-Europeen-300x232.jpg 300w, https:\/\/esperanto-gironde.fr\/wp-content\/uploads\/2019\/05\/Logo-Hymne-Europeen.jpg 403w\" sizes=\"auto, (max-width: 300px) 100vw, 300px\" \/><\/a><\/p>\n<p>Eu himno pli solena<br \/>\n<a href=\"https:\/\/www.youtube.com\/watch?v=NRv0asAIwDU\">E\u016dropa himno en Esperanto #EUHIMNO<\/a><\/p>\n<p>E\u016dropa himno en Esperanto, kantita de Neven Mrzle\u010dki la\u016d la tradicia teksto de Umberto Broccatelli kaj kun la mu&#8230;<\/p>\n<p><iframe loading=\"lazy\" title=\"E\u016dropa himno en Esperanto #EUHIMNO\" width=\"525\" height=\"394\" src=\"https:\/\/www.youtube.com\/embed\/NRv0asAIwDU?feature=oembed\" frameborder=\"0\" allow=\"accelerometer; autoplay; clipboard-write; encrypted-media; gyroscope; picture-in-picture; web-share\" referrerpolicy=\"strict-origin-when-cross-origin\" allowfullscreen><\/iframe><\/p>\n<p><img loading=\"lazy\" decoding=\"async\" class=\"size-medium wp-image-439 aligncenter\" src=\"https:\/\/esperanto-gironde.fr\/wp-content\/uploads\/2019\/05\/interligne_page-300x31.jpg\" alt=\"\" width=\"300\" height=\"31\"><\/p>\n<p>Manuel Rovere: Estas mi esperantisto. Memmokado pri la movado.<a href=\"https:\/\/www.youtube.com\/watch?v=_GsZpbWjICc\"><img loading=\"lazy\" decoding=\"async\" class=\"size-medium wp-image-431 aligncenter\" src=\"https:\/\/esperanto-gironde.fr\/wp-content\/uploads\/2019\/05\/but-commun-300x235.jpg\" alt=\"\" width=\"300\" height=\"235\" srcset=\"https:\/\/esperanto-gironde.fr\/wp-content\/uploads\/2019\/05\/but-commun-300x235.jpg 300w, https:\/\/esperanto-gironde.fr\/wp-content\/uploads\/2019\/05\/but-commun.jpg 399w\" sizes=\"auto, (max-width: 300px) 100vw, 300px\" \/><\/a><\/p>\n<p><a href=\"https:\/\/www.youtube.com\/watch?v=_GsZpbWjICc\">ESPERANTISTO &#8211; muziko\/vortoj: Emanuele Rovere (Man\u016del).&nbsp;<\/a>Mi rimarkis, ke la plimulto el la esperantistoj, kiuj a\u016dskultis kaj \u015datis miajn kantojn, \u011denerale opinias, ke mi&#8230;<\/p>\n<p><img decoding=\"async\" class=\"aligncenter\" src=\"https:\/\/esperanto-gironde.fr\/wp-content\/uploads\/2019\/05\/interligne_page-300x31.jpg\"><\/p>\n<p style=\"text-align: center;\"><strong><a href=\"https:\/\/www.youtube.com\/watch?v=gEotjmurPq8&amp;list=RDgEotjmurPq8&amp;start_radio=1#t=0\">La sep argumentoj kontra\u016d la lingvon Esperanto, kantitaj poste destruitaj<\/a><\/strong><a href=\"https:\/\/www.youtube.com\/watch?v=gEotjmurPq8&amp;list=RDgEotjmurPq8&amp;start_radio=1#t=0\"><img loading=\"lazy\" decoding=\"async\" class=\"size-medium wp-image-429 aligncenter\" src=\"https:\/\/esperanto-gironde.fr\/wp-content\/uploads\/2019\/05\/Top-7-300x235.jpg\" alt=\"\" width=\"300\" height=\"235\" srcset=\"https:\/\/esperanto-gironde.fr\/wp-content\/uploads\/2019\/05\/Top-7-300x235.jpg 300w, https:\/\/esperanto-gironde.fr\/wp-content\/uploads\/2019\/05\/Top-7.jpg 405w\" sizes=\"auto, (max-width: 300px) 100vw, 300px\" \/><\/a><a style=\"font-size: 1rem;\" href=\"https:\/\/www.youtube.com\/watch?v=gEotjmurPq8&amp;list=RDgEotjmurPq8&amp;start_radio=1#t=0\">Enkonduko al la internacia konstruita lingvo. Pensu al partigo , malgranda dikfingro kaj komento por helpi &#8230;<\/a><\/p>\n<p><img loading=\"lazy\" decoding=\"async\" class=\"size-medium wp-image-439 aligncenter\" src=\"https:\/\/esperanto-gironde.fr\/wp-content\/uploads\/2019\/05\/interligne_page-300x31.jpg\" alt=\"\" width=\"300\" height=\"31\"><\/p>\n<p style=\"text-align: center;\"><strong>Haleluja : tradukoj<\/strong><\/p>\n<p><a href=\"https:\/\/www.youtube.com\/watch?v=W8WVKE8OZeI&amp;list=RDgEotjmurPq8&amp;index=19\">https:\/\/www.youtube.com\/watch?v=W8WVKE8OZeI&amp;list=RDgEotjmurPq8&amp;index=19<\/a><\/p>\n<p><img decoding=\"async\" class=\"aligncenter\" src=\"https:\/\/esperanto-gironde.fr\/wp-content\/uploads\/2019\/05\/interligne_page-300x31.jpg\"><\/p>\n<p style=\"text-align: center;\"><strong>Ami estas&#8230;<\/strong><br \/>\n<a href=\"https:\/\/www.youtube.com\/watch?v=303M_aU1WIc\"><img loading=\"lazy\" decoding=\"async\" class=\"size-medium wp-image-430 aligncenter\" src=\"https:\/\/esperanto-gironde.fr\/wp-content\/uploads\/2019\/05\/valentine-300x232.jpg\" alt=\"\" width=\"300\" height=\"232\" srcset=\"https:\/\/esperanto-gironde.fr\/wp-content\/uploads\/2019\/05\/valentine-300x232.jpg 300w, https:\/\/esperanto-gironde.fr\/wp-content\/uploads\/2019\/05\/valentine.jpg 413w\" sizes=\"auto, (max-width: 300px) 100vw, 300px\" \/><\/a><\/p>\n<p>Valentina Cancino- Ami (originala kanto en&nbsp; Esperanto), premiita de la Premio &#8220;An Song-san&#8221; \u0109e Belartaj Konkursoj UEA 1999.<\/p>\n<p><img decoding=\"async\" class=\"aligncenter\" src=\"https:\/\/esperanto-gironde.fr\/wp-content\/uploads\/2019\/05\/interligne_page-300x31.jpg\"><\/p>\n<p style=\"text-align: center;\"><strong>La alfabeto, sur ario de Mozart<\/strong><\/p>\n<p><img loading=\"lazy\" decoding=\"async\" class=\"size-medium wp-image-432 aligncenter\" src=\"https:\/\/esperanto-gironde.fr\/wp-content\/uploads\/2019\/05\/Kanto-de-ABC-300x223.jpg\" alt=\"\" width=\"300\" height=\"223\" srcset=\"https:\/\/esperanto-gironde.fr\/wp-content\/uploads\/2019\/05\/Kanto-de-ABC-300x223.jpg 300w, https:\/\/esperanto-gironde.fr\/wp-content\/uploads\/2019\/05\/Kanto-de-ABC.jpg 403w\" sizes=\"auto, (max-width: 300px) 100vw, 300px\" \/><br \/>\n<a href=\"http:\/\/Esperanto] Kanto de ABC\">[Esperanto] Kanto de ABC&nbsp;<\/a> de ABC de Esperanto.pere de HATSUNE Miku. \u30a8\u30b9\u30da\u30e9\u30f3\u30c8\u306e\u300cABC\u306e\u6b4c\u300d<\/p>\n<p><img decoding=\"async\" class=\"aligncenter\" src=\"https:\/\/esperanto-gironde.fr\/wp-content\/uploads\/2019\/05\/interligne_page-300x31.jpg\"><\/p>\n<p style=\"text-align: center;\"><strong>Rakonto por infanoj : la sekreto de la re\u011do kun vortoj kaj subtitoloj en Esperanto<\/strong><\/p>\n<p><a href=\"https:\/\/www.youtube.com\/watch?v=251k9fgmHSw\"><img loading=\"lazy\" decoding=\"async\" class=\"size-medium wp-image-433 aligncenter\" src=\"https:\/\/esperanto-gironde.fr\/wp-content\/uploads\/2019\/05\/Kingsecret-300x231.jpg\" alt=\"\" width=\"300\" height=\"231\" srcset=\"https:\/\/esperanto-gironde.fr\/wp-content\/uploads\/2019\/05\/Kingsecret-300x231.jpg 300w, https:\/\/esperanto-gironde.fr\/wp-content\/uploads\/2019\/05\/Kingsecret.jpg 407w\" sizes=\"auto, (max-width: 300px) 100vw, 300px\" \/><\/a>La re\u011do havas sekreton, kiun neniu povas scii. Kio \u011di estas?&nbsp;La Re\u011da Sekreto, popola rakonto pri Palmasalo. Iam anta\u016de &#8230;<\/p>\n<p><img loading=\"lazy\" decoding=\"async\" class=\"size-medium wp-image-439 aligncenter\" src=\"https:\/\/esperanto-gironde.fr\/wp-content\/uploads\/2019\/05\/interligne_page-300x31.jpg\" alt=\"\" width=\"300\" height=\"31\"><\/p>\n<p style=\"text-align: center;\"><strong>UEA: kuriero de Unesco<\/strong><br \/>\n<a href=\"https:\/\/uea.org\/revuoj\/unesko_kuriero\">https:\/\/uea.org\/revuoj\/unesko_kuriero<\/a><\/p>\n","protected":false},"excerpt":{"rendered":"<p>Kian lingvon vi devas lerni ( 26a Sept 2022) (fr) :&nbsp;https:\/\/www.youtube.com\/watch?v=JZfgfSOvmaI 107-a Internacia Esperanto-Kongreso elstaras indi\u011denajn lingvojn en Montrealo :&nbsp;https:\/\/www.lapresse.ca\/actualites\/grand-montreal\/2022-08-06\/congres-mondial-d-esperanto\/la-107e-edition-met-en-vedette-les-langues-autochtones-a-montreal.php Biografi(et)o de Zamenhof :&nbsp;https:\/\/zamenhof.info\/eo\/biografio Tolstoi : :&nbsp;https:\/\/www.huffingtonpost.fr\/actualites\/article\/tolstoi-a-appris-a-lire-l-esperanto-en-moins-de-deux-heures-et-c-est-a-la-portee-de-tout-le-monde_98365.html La esperantistoj dum la hispana enlanda milito :&nbsp;&nbsp;http:\/\/www.delbarrio.eu\/eo.htm Kvinpetalo estas la sta\u011dejo, kulturcentro kaj studocentro de&nbsp;Societo Yvonne Martinot&nbsp;(SYM). \u011ci estis fondita en 1985. :&nbsp;http:\/\/www.kvinpetalo.org\/spip.php?rubrique4 Lernu! estas plurlingva pa\u011daro, &hellip; <\/p>\n<p class=\"link-more\"><a href=\"https:\/\/esperanto-gironde.fr\/eo\/liens-interessants\/\" class=\"more-link\">Da\u016drigi legadon<span class=\"screen-reader-text\"> &#8220;Prezentinda\u0135oj&#8221;<\/span><\/a><\/p>\n","protected":false},"author":6,"featured_media":0,"parent":0,"menu_order":0,"comment_status":"closed","ping_status":"closed","template":"","meta":{"footnotes":""},"class_list":["post-417","page","type-page","status-publish","hentry"],"translation":{"provider":"WPGlobus","version":"3.0.2","language":"eo","enabled_languages":["fr","eo"],"languages":{"fr":{"title":true,"content":true,"excerpt":false},"eo":{"title":true,"content":true,"excerpt":false}}},"aioseo_notices":[],"_links":{"self":[{"href":"https:\/\/esperanto-gironde.fr\/eo\/wp-json\/wp\/v2\/pages\/417","targetHints":{"allow":["GET"]}}],"collection":[{"href":"https:\/\/esperanto-gironde.fr\/eo\/wp-json\/wp\/v2\/pages"}],"about":[{"href":"https:\/\/esperanto-gironde.fr\/eo\/wp-json\/wp\/v2\/types\/page"}],"author":[{"embeddable":true,"href":"https:\/\/esperanto-gironde.fr\/eo\/wp-json\/wp\/v2\/users\/6"}],"replies":[{"embeddable":true,"href":"https:\/\/esperanto-gironde.fr\/eo\/wp-json\/wp\/v2\/comments?post=417"}],"version-history":[{"count":136,"href":"https:\/\/esperanto-gironde.fr\/eo\/wp-json\/wp\/v2\/pages\/417\/revisions"}],"predecessor-version":[{"id":2609,"href":"https:\/\/esperanto-gironde.fr\/eo\/wp-json\/wp\/v2\/pages\/417\/revisions\/2609"}],"wp:attachment":[{"href":"https:\/\/esperanto-gironde.fr\/eo\/wp-json\/wp\/v2\/media?parent=417"}],"curies":[{"name":"wp","href":"https:\/\/api.w.org\/{rel}","templated":true}]}}